{"id":239063,"date":"2021-12-16T11:51:09","date_gmt":"2021-12-16T10:51:09","guid":{"rendered":"https:\/\/km-a.net\/auszeichnung-fuer-wissensmanagement\/"},"modified":"2025-11-13T08:41:34","modified_gmt":"2025-11-13T07:41:34","slug":"knowledge-management-award-2","status":"publish","type":"page","link":"https:\/\/km-a.net\/de\/innovation-2\/knowledge-management-award-2\/","title":{"rendered":"Knowledge Management Award"},"content":{"rendered":"<p>[et_pb_section fb_built=&#8220;1&#8243; admin_label=&#8220;Header&#8220; _builder_version=&#8220;4.16.1&#8243; background_color=&#8220;RGBA(255,255,255,0)&#8220; background_enable_image=&#8220;off&#8220; background_enable_mask_style=&#8220;on&#8220; background_mask_style=&#8220;honeycomb&#8220; background_mask_color=&#8220;#0070C0&#8243; background_mask_transform=&#8220;invert&#8220; background_mask_size=&#8220;cover&#8220; background_mask_position=&#8220;bottom_left&#8220; background_mask_horizontal_offset=&#8220;33%&#8220; background_mask_vertical_offset=&#8220;28%&#8220; custom_padding=&#8220;||||false|false&#8220; locked=&#8220;off&#8220; global_colors_info=&#8220;{}&#8220;][et_pb_row column_structure=&#8220;1_2,1_2&#8243; make_equal=&#8220;on&#8220; _builder_version=&#8220;4.17.3&#8243; height_tablet=&#8220;&#8220; height_phone=&#8220;&#8220; height_last_edited=&#8220;on|phone&#8220; max_height_last_edited=&#8220;off|phone&#8220; global_colors_info=&#8220;{}&#8220;][et_pb_column type=&#8220;1_2&#8243; _builder_version=&#8220;4.17.1&#8243; global_colors_info=&#8220;{}&#8220;][et_pb_text _builder_version=&#8220;4.17.3&#8243; header_font_size=&#8220;50px&#8220; background_color=&#8220;#FFFFFF&#8220; custom_margin=&#8220;10px||||false|false&#8220; custom_padding=&#8220;1em||||false|false&#8220; global_colors_info=&#8220;{}&#8220;]<\/p>\n<h1 style=\"text-align: left;\"><span style=\"color: #c00000;\">Knowledge<br \/>Management<br \/>Award<\/span><\/h1>\n<p>[\/et_pb_text][\/et_pb_column][et_pb_column type=&#8220;1_2&#8243; _builder_version=&#8220;4.17.3&#8243; background_color=&#8220;#FFFFFF&#8220; custom_padding=&#8220;2em|1em|0em|1em|false|true&#8220; border_radii=&#8220;on|5px|5px|5px|5px&#8220; box_shadow_style=&#8220;preset1&#8243; global_colors_info=&#8220;{}&#8220;][et_pb_blurb title=&#8220;Zeremonie 2025&#8243; _builder_version=&#8220;4.17.3&#8243; _module_preset=&#8220;6f9ba77d-4049-4272-8a7a-4dcd575b8aab&#8220; header_text_align=&#8220;center&#8220; header_font_size=&#8220;35px&#8220; background_color=&#8220;RGBA(255,255,255,0)&#8220; min_height=&#8220;0px&#8220; custom_padding=&#8220;0em|0em|0em|0em|false|true&#8220; link_option_url_new_window=&#8220;on&#8220; border_color_all=&#8220;RGBA(255,255,255,0)&#8220; box_shadow_style=&#8220;none&#8220; global_colors_info=&#8220;{}&#8220;]<\/p>\n<h3 style=\"text-align: center;\">11 Dezember, 2025<br \/>17:00 CET, online<br \/><span style=\"color: #c00000;\"><\/span><span style=\"color: #c00000;\"><\/span><\/h3>\n<p>&nbsp;<\/p>\n<p style=\"text-align: center;\">See here the <a href=\"https:\/\/youtu.be\/o3hluCMg3xg\">Award-Video<\/a> <br \/>providing a glance on the development of the Award, the Columns of Knowledge, and the Winners since 2009!<br \/><a href=\"https:\/\/us06web.zoom.us\/j\/88340961375?pwd=TVpUclFHdWxPdk9NTkVPMWxna3dFZz09\"><\/a> <\/p>\n<p style=\"text-align: center;\">\n<p>[\/et_pb_blurb][\/et_pb_column][\/et_pb_row][\/et_pb_section][et_pb_section fb_built=&#8220;1&#8243; admin_label=&#8220;Pricing&#8220; _builder_version=&#8220;4.17.3&#8243; _module_preset=&#8220;12301466-88fd-4bf6-8152-1d8bdecf230b&#8220; background_mask_transform=&#8220;invert|flip_vertical|rotate_90_degree&#8220; background_mask_size=&#8220;custom&#8220; background_mask_width=&#8220;68%&#8220; background_mask_height=&#8220;100%&#8220; background_mask_position=&#8220;center_left&#8220; background_mask_horizontal_offset=&#8220;-88%&#8220; global_colors_info=&#8220;{}&#8220;][et_pb_row _builder_version=&#8220;4.17.3&#8243; _module_preset=&#8220;default&#8220; global_colors_info=&#8220;{}&#8220;][et_pb_column type=&#8220;4_4&#8243; _builder_version=&#8220;4.17.3&#8243; _module_preset=&#8220;default&#8220; global_colors_info=&#8220;{}&#8220;][et_pb_text _builder_version=&#8220;4.17.3&#8243; _module_preset=&#8220;default&#8220; header_font_size=&#8220;45px&#8220; custom_margin=&#8220;2em||||false|false&#8220; global_colors_info=&#8220;{}&#8220;]<\/p>\n<h1 style=\"text-align: center;\"><span style=\"color: #ffffff;\">Der KM-Preis<\/span><\/h1>\n<p>[\/et_pb_text][\/et_pb_column][\/et_pb_row][et_pb_row _builder_version=&#8220;4.17.3&#8243; _module_preset=&#8220;default&#8220; global_colors_info=&#8220;{}&#8220;][et_pb_column type=&#8220;4_4&#8243; _builder_version=&#8220;4.17.3&#8243; _module_preset=&#8220;default&#8220; global_colors_info=&#8220;{}&#8220;][et_pb_blurb title=&#8220;\u00dcber den Preis&#8220; use_icon=&#8220;on&#8220; font_icon=&#8220;&#xf559;||fa||900&#8243; image_icon_width=&#8220;124px&#8220; _builder_version=&#8220;4.17.3&#8243; _module_preset=&#8220;default&#8220; image_icon_custom_padding=&#8220;|0.2em|||false|false&#8220; custom_padding=&#8220;2em|2em|2em|2em|true|true&#8220; box_shadow_style=&#8220;preset1&#8243; global_colors_info=&#8220;{}&#8220;]<\/p>\n<p><span>Seit 2009 wird jedes Jahr der internationale<\/span><span> <\/span><span style=\"color: #c00000;\"><strong>Knowledge Management Award<\/strong><\/span><span> an eine <\/span><span style=\"color: #c00000;\"><strong>internationale Organization<\/strong><\/span><span> sowie an eine herausragende Pers\u00f6nlichkeit verliehen.<\/span> <span>Die Nominierung von Kandidaten ist offen f\u00fcr jedermann. Nach einer Sichtung und Evaluierung treffen die Presidia von <\/span><span> <\/span><span style=\"color: #c00000;\"><strong>Knowledge Management Austria<\/strong> und der <strong>Knowledge for Development Partnership<\/strong><\/span><span> eine Entscheidung \u00fcber die Gewinner. <\/span> <\/p>\n<p>[\/et_pb_blurb][et_pb_blurb title=&#8220;Anerkennungen&#8220; use_icon=&#8220;on&#8220; font_icon=&#8220;&#xe066;||divi||400&#8243; image_icon_width=&#8220;100px&#8220; _builder_version=&#8220;4.17.3&#8243; _module_preset=&#8220;default&#8220; image_icon_custom_padding=&#8220;|0.2em|||false|false&#8220; custom_margin=&#8220;2em||0px||false|false&#8220; custom_padding=&#8220;2em|2em|2em|2em|true|true&#8220; box_shadow_style=&#8220;preset1&#8243; global_colors_info=&#8220;{}&#8220;]<\/p>\n<p><span>The prize is given in recognition of the winner\u2019s <span style=\"color: #c00000;\"><strong>outstanding accomplishments in research, implementation or innovation of successful management methods for knowledge politics and knowledge management<\/strong><\/span>. Es soll auch die Anerkennung der <strong> <span style=\"color: #c00000;\">Auswirkungen auf die Entwicklung einer Wissensgesellschaft<\/span> <\/strong> im Allgemeinen und im Besonderen auf <strong> <span style=\"color: #c00000;\">Schaffung, Umwandlung und Verbreitung von Wissen<\/span> <\/strong> und <strong> <span style=\"color: #c00000;\">Anwendung<\/span> ausgedr\u00fcckt werden<\/strong>.<\/span><\/p>\n<p>[\/et_pb_blurb][\/et_pb_column][\/et_pb_row][\/et_pb_section][et_pb_section fb_built=&#8220;1&#8243; custom_padding_last_edited=&#8220;on|phone&#8220; admin_label=&#8220;Services&#8220; _builder_version=&#8220;4.17.3&#8243; background_enable_mask_style=&#8220;on&#8220; background_mask_style=&#8220;honeycomb&#8220; background_mask_color=&#8220;#0070C0&#8243; background_mask_transform=&#8220;invert|flip_vertical&#8220; background_mask_size=&#8220;custom&#8220; background_mask_width=&#8220;64%&#8220; background_mask_height=&#8220;0%&#8220; background_mask_position=&#8220;bottom_left&#8220; background_mask_horizontal_offset=&#8220;100%&#8220; background_mask_vertical_offset=&#8220;27%&#8220; custom_margin_tablet=&#8220;&#8220; custom_margin_phone=&#8220;&#8220; custom_margin_last_edited=&#8220;on|phone&#8220; custom_padding=&#8220;0px||||false|false&#8220; custom_padding_tablet=&#8220;0px||||false|false&#8220; custom_padding_phone=&#8220;0px||||false|false&#8220; global_colors_info=&#8220;{}&#8220;][et_pb_row _builder_version=&#8220;4.17.3&#8243; _module_preset=&#8220;default&#8220; global_colors_info=&#8220;{}&#8220;][et_pb_column type=&#8220;4_4&#8243; _builder_version=&#8220;4.17.3&#8243; _module_preset=&#8220;default&#8220; global_colors_info=&#8220;{}&#8220;][et_pb_text _builder_version=&#8220;4.17.3&#8243; _module_preset=&#8220;default&#8220; header_font_size=&#8220;45px&#8220; custom_margin=&#8220;2em||||false|false&#8220; global_colors_info=&#8220;{}&#8220;]<\/p>\n<h1 style=\"text-align: center;\"><span style=\"color: #c00000;\">Kriterien<\/span><\/h1>\n<p>[\/et_pb_text][\/et_pb_column][\/et_pb_row][et_pb_row column_structure=&#8220;1_2,1_2&#8243; _builder_version=&#8220;4.17.3&#8243; _module_preset=&#8220;default&#8220; global_colors_info=&#8220;{}&#8220;][et_pb_column type=&#8220;1_2&#8243; _builder_version=&#8220;4.17.3&#8243; _module_preset=&#8220;default&#8220; global_colors_info=&#8220;{}&#8220;][et_pb_blurb title=&#8220;Erforschung, Umsetzung und Innovation erfolgreicher Managementmethoden f\u00fcr Wissenspolitik und Wissensmanagement&#8220; use_icon=&#8220;on&#8220; font_icon=&#8220;&#xf568;||fa||900&#8243; image_icon_width=&#8220;77px&#8220; _builder_version=&#8220;4.17.3&#8243; _module_preset=&#8220;6f9ba77d-4049-4272-8a7a-4dcd575b8aab&#8220; header_level=&#8220;h3&#8243; header_text_align=&#8220;center&#8220; header_font_size=&#8220;15px&#8220; global_colors_info=&#8220;{}&#8220;][\/et_pb_blurb][\/et_pb_column][et_pb_column type=&#8220;1_2&#8243; _builder_version=&#8220;4.17.3&#8243; _module_preset=&#8220;default&#8220; global_colors_info=&#8220;{}&#8220;][et_pb_blurb title=&#8220;Auswirkungen auf die Entwicklung einer Wissensgesellschaft: Schaffung, Weiterentwicklung, Verbreitung und Anwendung von Wissen&#8220; use_icon=&#8220;on&#8220; font_icon=&#8220;&#xf0c0;||fa||900&#8243; image_icon_width=&#8220;77px&#8220; _builder_version=&#8220;4.17.3&#8243; _module_preset=&#8220;6f9ba77d-4049-4272-8a7a-4dcd575b8aab&#8220; header_level=&#8220;h3&#8243; header_text_align=&#8220;center&#8220; header_font_size=&#8220;15px&#8220; text_orientation=&#8220;center&#8220; global_colors_info=&#8220;{}&#8220;][\/et_pb_blurb][\/et_pb_column][\/et_pb_row][\/et_pb_section][et_pb_section fb_built=&#8220;1&#8243; admin_label=&#8220;Pricing&#8220; _builder_version=&#8220;4.17.3&#8243; _module_preset=&#8220;12301466-88fd-4bf6-8152-1d8bdecf230b&#8220; background_mask_transform=&#8220;invert|flip_vertical|rotate_90_degree&#8220; background_mask_size=&#8220;custom&#8220; background_mask_width=&#8220;68%&#8220; background_mask_height=&#8220;100%&#8220; background_mask_position=&#8220;center_left&#8220; background_mask_horizontal_offset=&#8220;-88%&#8220; global_colors_info=&#8220;{}&#8220;][et_pb_row _builder_version=&#8220;4.17.3&#8243; _module_preset=&#8220;default&#8220; global_colors_info=&#8220;{}&#8220;][et_pb_column type=&#8220;4_4&#8243; _builder_version=&#8220;4.17.3&#8243; _module_preset=&#8220;default&#8220; global_colors_info=&#8220;{}&#8220;][et_pb_text _builder_version=&#8220;4.17.3&#8243; _module_preset=&#8220;default&#8220; header_font_size=&#8220;45px&#8220; custom_margin=&#8220;2em||||false|false&#8220; global_colors_info=&#8220;{}&#8220;]<\/p>\n<h1 style=\"text-align: center;\"><span style=\"color: #ffffff;\">S\u00e4ulen des Wissens<\/span><\/h1>\n<p>[\/et_pb_text][\/et_pb_column][\/et_pb_row][et_pb_row column_structure=&#8220;1_2,1_2&#8243; _builder_version=&#8220;4.17.3&#8243; _module_preset=&#8220;default&#8220; global_colors_info=&#8220;{}&#8220;][et_pb_column type=&#8220;1_2&#8243; _builder_version=&#8220;4.17.3&#8243; _module_preset=&#8220;default&#8220; global_colors_info=&#8220;{}&#8220;][et_pb_blurb title=&#8220;Das physische Repr\u00e4sentanz des Knowledge Management Award: Die S\u00e4ule des Wissens&#8220; image_icon_width=&#8220;124px&#8220; _builder_version=&#8220;4.17.3&#8243; _module_preset=&#8220;default&#8220; image_icon_custom_padding=&#8220;|0.2em|||false|false&#8220; custom_padding=&#8220;2em|2em|2em|2em|true|true&#8220; box_shadow_style=&#8220;preset1&#8243; global_colors_info=&#8220;{}&#8220;]<\/p>\n<p>Die <span style=\"color: #c00000;\"><strong>S\u00e4ule des Wissens<\/strong><\/span>, eine Skulptur aus Stahl und Bronze, wurde vom \u00f6sterreichischen K\u00fcnstler Prof. Helmut Margreiter geschaffen. Das Objekt zeigt <span style=\"color: #c00000;\"> <strong>den Dialog zwischen bew\u00e4hrtem und erprobtem Wissen<\/strong> <\/span>das Unbekannte, dargestellt durch eine gl\u00e4nzende, zylindrische S\u00e4ule, <span style=\"color: #c00000;\"> <strong>und dem innovativen Streben nach dem Unbekannten<\/strong> <\/span>das Unbestimmte und Fragile, dargestellt durch ein raues Gegenst\u00fcck in Dreiecksform. In dieser Hinsicht wird <span style=\"color: #c00000;\"><strong>Wissen als ein immaterieller, flie\u00dfender Zustand zwischen diesen beiden Welten<\/strong> verstanden, in dem sich die <strong>Wertsch\u00e4tzung des Bekannten mit der Sehnsucht nach Neuem verbindet<\/strong>.<\/span> Die KM-Award-Skulptur wurde am 21. Mai 2008, dem UNESCO-Welttag der kulturellen Vielfalt, zum ersten Mal in ihrer gro\u00dfen Version \u00f6ffentlich pr\u00e4sentiert.<\/p>\n<p>[\/et_pb_blurb][\/et_pb_column][et_pb_column type=&#8220;1_2&#8243; _builder_version=&#8220;4.17.3&#8243; _module_preset=&#8220;default&#8220; global_colors_info=&#8220;{}&#8220;][et_pb_image src=&#8220;https:\/\/km-a.net\/wp-content\/uploads\/2021\/12\/Column-of-Knowledge-1024&#215;682-1-1.jpg&#8220; title_text=&#8220;Column-of-Knowledge-1024&#215;682-1 (1)&#8220; _builder_version=&#8220;4.17.3&#8243; _module_preset=&#8220;default&#8220; width=&#8220;100%&#8220; custom_margin=&#8220;3.5em||||false|false&#8220; border_radii=&#8220;on|5px|5px|5px|5px&#8220; box_shadow_style=&#8220;preset1&#8243; global_colors_info=&#8220;{}&#8220;][\/et_pb_image][\/et_pb_column][\/et_pb_row][\/et_pb_section][et_pb_section fb_built=&#8220;1&#8243; custom_padding_last_edited=&#8220;on|phone&#8220; admin_label=&#8220;Services&#8220; _builder_version=&#8220;4.17.3&#8243; background_enable_mask_style=&#8220;on&#8220; background_mask_style=&#8220;honeycomb&#8220; background_mask_color=&#8220;#0070C0&#8243; background_mask_transform=&#8220;invert&#8220; background_mask_size=&#8220;custom&#8220; background_mask_width=&#8220;64%&#8220; background_mask_height=&#8220;0%&#8220; background_mask_position=&#8220;bottom_left&#8220; background_mask_horizontal_offset=&#8220;100%&#8220; background_mask_vertical_offset=&#8220;100%&#8220; custom_margin_tablet=&#8220;&#8220; custom_margin_phone=&#8220;&#8220; custom_margin_last_edited=&#8220;on|phone&#8220; custom_padding=&#8220;0px||||false|false&#8220; custom_padding_tablet=&#8220;0px||||false|false&#8220; custom_padding_phone=&#8220;0px||||false|false&#8220; global_colors_info=&#8220;{}&#8220;][et_pb_row _builder_version=&#8220;4.17.3&#8243; _module_preset=&#8220;default&#8220; global_colors_info=&#8220;{}&#8220;][et_pb_column type=&#8220;4_4&#8243; _builder_version=&#8220;4.17.3&#8243; _module_preset=&#8220;default&#8220; global_colors_info=&#8220;{}&#8220;][et_pb_text _builder_version=&#8220;4.17.3&#8243; _module_preset=&#8220;default&#8220; header_font_size=&#8220;45px&#8220; custom_margin=&#8220;2em||||false|false&#8220; global_colors_info=&#8220;{}&#8220;]<\/p>\n<h1 style=\"text-align: center;\"><span style=\"color: #c00000;\">Preistr\u00e4gerInnen<\/span><\/h1>\n<p>[\/et_pb_text][\/et_pb_column][\/et_pb_row][et_pb_row _builder_version=&#8220;4.27.3&#8243; _module_preset=&#8220;default&#8220; global_colors_info=&#8220;{}&#8220;][et_pb_column type=&#8220;4_4&#8243; _builder_version=&#8220;4.27.3&#8243; _module_preset=&#8220;default&#8220; global_colors_info=&#8220;{}&#8220;][et_pb_text _builder_version=&#8220;4.27.3&#8243; _module_preset=&#8220;default&#8220; custom_padding=&#8220;53px||22px|||&#8220; global_colors_info=&#8220;{}&#8220;]<\/p>\n<p><strong>Die Gewinner des Knowledge Management Awards since 2009:<\/strong><\/p>\n<p>2009: Usula Schneider (Individual)<\/p>\n<p>2010: Charles Savage (Individual)<\/p>\n<p>2010: IAEA International Atomic Energy Agency (International Organisation)<\/p>\n<p>2011: Stefan G\u00fcldenberg (Individual)<\/p>\n<p>2012: UNDP United Nations Development Programme (International Organisation)<\/p>\n<p>2012: Nico Stehr (Individual) <\/p>\n<p>2014: Klaus North (Individual)<\/p>\n<p>2015: Angelika Mittelmann (Individual)<\/p>\n<p>2015: UNESCO United Nations Education Science Culture Organization<\/p>\n<p>2016: Dr. Ibrahim Al Marri (Individual)<\/p>\n<p>2016: km4dev.org (International Organisation)<\/p>\n<p>2017: Leif Edvinsson (Individual)<\/p>\n<p>2017: JIU Joint Inspection Unit of the United Nations System<\/p>\n<p>2018: Ali Asghar Pourmand (Individual)<\/p>\n<p>2018: International Fund for Agricultural Development (International Organisation)<\/p>\n<p>2019: Charles Dhewa (Individual)<\/p>\n<p>2019: ILRI International Lifestock Research Institute (International Organisation)<\/p>\n<p>2020: Kimiz Dalkir (Individual)<\/p>\n<p>2020: UNICEF <span>United Nations International Children\u2019s Emergency Fund (International Organisation)<\/span><\/p>\n<p>2021: Eric Tsui (Individual)<\/p>\n<p>2021: Green Climate Fund (International Organisation)<\/p>\n<p>2022: Vincent Ribi\u00e8re (Individual)<\/p>\n<p>2022: Asian Development Bank (International Organisation)<\/p>\n<p>2023: Stacey Young (Individual)<\/p>\n<p>2023: World Food Programme (International Organisation)<\/p>\n<p>2024: Benjamin Abugri (Individual) <\/p>\n<p>2024: World Bank Group (International Organisation)<\/p>\n<p>&nbsp;<\/p>\n<p>[\/et_pb_text][\/et_pb_column][\/et_pb_row][et_pb_row _builder_version=&#8220;4.17.3&#8243; _module_preset=&#8220;default&#8220; background_color=&#8220;#FFFFFF&#8220; custom_padding=&#8220;|2em||2em|false|true&#8220; border_radii=&#8220;on|5px|5px|5px|5px&#8220; box_shadow_style=&#8220;preset1&#8243; global_colors_info=&#8220;{}&#8220;][et_pb_column type=&#8220;4_4&#8243; _builder_version=&#8220;4.17.3&#8243; _module_preset=&#8220;default&#8220; global_colors_info=&#8220;{}&#8220;][et_pb_gallery gallery_ids=&#8220;240340,240338,240336,240334,240332,240330,240328,240326,240324,240322,240320,240318,240316,240314,240312,240310,240308,240306,240304,240302,241164,241166,241168&#8243; fullwidth=&#8220;on&#8220; _builder_version=&#8220;4.27.3&#8243; _module_preset=&#8220;default&#8220; auto=&#8220;on&#8220; auto_speed=&#8220;1500&#8243; global_colors_info=&#8220;{}&#8220;][\/et_pb_gallery][\/et_pb_column][\/et_pb_row][\/et_pb_section][et_pb_section fb_built=&#8220;1&#8243; custom_padding_last_edited=&#8220;on|phone&#8220; disabled_on=&#8220;on|on|on&#8220; admin_label=&#8220;Services&#8220; _builder_version=&#8220;4.17.3&#8243; background_enable_mask_style=&#8220;on&#8220; background_mask_style=&#8220;honeycomb&#8220; background_mask_color=&#8220;#0070C0&#8243; background_mask_transform=&#8220;invert|flip_vertical&#8220; background_mask_size=&#8220;custom&#8220; background_mask_width=&#8220;85%&#8220; background_mask_height=&#8220;0%&#8220; background_mask_position=&#8220;bottom_left&#8220; background_mask_horizontal_offset=&#8220;100%&#8220; background_mask_vertical_offset=&#8220;100%&#8220; custom_margin_tablet=&#8220;&#8220; custom_margin_phone=&#8220;&#8220; custom_margin_last_edited=&#8220;on|phone&#8220; custom_padding=&#8220;0px||||false|false&#8220; custom_padding_tablet=&#8220;0px||||false|false&#8220; custom_padding_phone=&#8220;0px||||false|false&#8220; disabled=&#8220;on&#8220; global_colors_info=&#8220;{}&#8220;][et_pb_row make_equal=&#8220;on&#8220; _builder_version=&#8220;4.17.3&#8243; z_index=&#8220;80&#8243; custom_padding=&#8220;|15px||15px|true|true&#8220; border_radii=&#8220;on|5px|5px|5px|5px&#8220; locked=&#8220;off&#8220; global_colors_info=&#8220;{}&#8220;][et_pb_column type=&#8220;4_4&#8243; _builder_version=&#8220;4.17.3&#8243; background_color=&#8220;#FFFFFF&#8220; custom_padding=&#8220;50px|0px|50px|0px|true|true&#8220; border_radii=&#8220;on|5px|5px|5px|5px&#8220; box_shadow_style=&#8220;preset1&#8243; global_colors_info=&#8220;{}&#8220;][et_pb_text _builder_version=&#8220;4.17.3&#8243; _module_preset=&#8220;default&#8220; header_font_size=&#8220;40px&#8220; global_colors_info=&#8220;{}&#8220;]<\/p>\n<h1 style=\"text-align: center;\"><span style=\"color: #c00000;\">Previous Awards<\/span><span style=\"color: #0070c0;\"><\/span><span style=\"color: #0070c0;\"><\/span><\/h1>\n<p>[\/et_pb_text][et_pb_slider _builder_version=&#8220;4.17.3&#8243; _module_preset=&#8220;default&#8220; header_level=&#8220;h3&#8243; header_text_align=&#8220;center&#8220; header_font_size=&#8220;31px&#8220; background_color=&#8220;#0070C0&#8243; background_enable_mask_style=&#8220;on&#8220; background_mask_style=&#8220;honeycomb&#8220; background_mask_color=&#8220;#FFFFFF&#8220; background_mask_transform=&#8220;invert|flip_vertical&#8220; background_mask_aspect_ratio=&#8220;portrait&#8220; background_mask_size=&#8220;contain&#8220; background_mask_position=&#8220;bottom_left&#8220; background_mask_horizontal_offset=&#8220;104%&#8220; button_alignment=&#8220;center&#8220; text_orientation=&#8220;justified&#8220; custom_margin=&#8220;||||false|true&#8220; custom_padding=&#8220;5em|8em|5em|8em|true|true&#8220; scroll_blur_enable=&#8220;on&#8220; scroll_blur=&#8220;0|8|92|100|10|0|0&#8243; border_radii_image=&#8220;on|5px|5px|5px|5px&#8220; global_colors_info=&#8220;{}&#8220;][et_pb_slide heading=&#8220;Die S\u00e4ule des Wissens, 2008&#8243; _builder_version=&#8220;4.17.3&#8243; _module_preset=&#8220;default&#8220; header_level=&#8220;h3&#8243; header_text_align=&#8220;left&#8220; header_font_size=&#8220;23px&#8220; global_colors_info=&#8220;{}&#8220; sticky_transition=&#8220;on&#8220;]<\/p>\n<p style=\"text-align: left;\">Presentation in the City of Vienna<\/p>\n<p><img decoding=\"async\" src=\"https:\/\/km-a.net\/wp-content\/uploads\/2022\/12\/ColumnsPresentation.png\" width=\"100%\" height=\"auto\" alt=\"\" class=\"wp-image-240283 alignnone size-medium\" srcset=\"https:\/\/km-a.net\/wp-content\/uploads\/2022\/12\/ColumnsPresentation.png 1236w, https:\/\/km-a.net\/wp-content\/uploads\/2022\/12\/ColumnsPresentation-980x655.png 980w, https:\/\/km-a.net\/wp-content\/uploads\/2022\/12\/ColumnsPresentation-480x321.png 480w\" sizes=\"(min-width: 0px) and (max-width: 480px) 480px, (min-width: 481px) and (max-width: 980px) 980px, (min-width: 981px) 1236px, 100vw\" \/>[\/et_pb_slide][et_pb_slide heading=&#8220;Wissensmanagement-Preis 2019&#8243; button_link=&#8220;@ET-DC@eyJkeW5hbWljIjp0cnVlLCJjb250ZW50IjoicG9zdF9saW5rX3VybF9wYWdlIiwic2V0dGluZ3MiOnsicG9zdF9pZCI6IjIzOTczNSIsImVuYWJsZV9odG1sIjoib2ZmIn19@&#8220; _builder_version=&#8220;4.17.3&#8243; _dynamic_attributes=&#8220;button_link&#8220; _module_preset=&#8220;default&#8220; global_colors_info=&#8220;{}&#8220; sticky_transition=&#8220;on&#8220;]<\/p>\n<p><strong><\/strong><\/p>\n<p><strong>Die Zeremonie des International Knowledge Management Awards 2019<\/strong> \u2013 welcher j\u00e4hrlich von Knowledge Management Austria verliehen wird \u2013 fand am 25. September bei der ersten <strong>African Knowledge for Development Partnership Conference<\/strong> bei den Vereinten Nationen in Nairobi, Kenia, statt. Mehr als 200 TeilnehmerInnen feierten mit uns die Pioniere und Errungenschaften in Afrika.<\/p>\n<p><strong>Die Gewinner des Knowledge Management Awards 2019:<\/strong><\/p>\n<ul>\n<li><strong>ILRI &#8211; Internationales Institut f\u00fcr Viehzuchtforschung<\/strong><\/li>\n<li><strong>Karl Dhewa  <\/strong><\/li>\n<\/ul>\n<p>[\/et_pb_slide][et_pb_slide heading=&#8220;Knowledge Management Award 2018&#8243; button_link=&#8220;@ET-DC@eyJkeW5hbWljIjp0cnVlLCJjb250ZW50IjoicG9zdF9saW5rX3VybF9wYWdlIiwic2V0dGluZ3MiOnsicG9zdF9pZCI6IjIzOTczNSIsImVuYWJsZV9odG1sIjoib2ZmIn19@&#8220; _builder_version=&#8220;4.17.3&#8243; _dynamic_attributes=&#8220;button_link&#8220; _module_preset=&#8220;default&#8220; global_colors_info=&#8220;{}&#8220; sticky_transition=&#8220;on&#8220;]<\/p>\n<p><strong><\/strong><\/p>\n<p><strong>Der Knowledge Management Award 2018<\/strong> wurde verliehen an das <strong>K4D-Summit w\u00e4hrend der Geneva Knowledge Week<\/strong> am 12. September 2018 bei der WTO, World Trade Organization in Genf. <\/p>\n<p>Mit dem KM Award f\u00fcr internationale Organisationen wurde ausgezeichnet: <br \/><b>IFAD \u2013 International Fund for Agricultural Development<\/b><\/p>\n<p><b><\/b>Der Gewinner des KM Awards f\u00fcr pers\u00f6nliche Errungenschaften ist:<br \/><b>Dr. Ali Asghar Pourmand<\/b><\/p>\n<p>[\/et_pb_slide][et_pb_slide heading=&#8220;Alle Preistr\u00e4gerInnen&#8220; _builder_version=&#8220;4.17.3&#8243; _module_preset=&#8220;default&#8220; text_orientation=&#8220;left&#8220; global_colors_info=&#8220;{}&#8220; sticky_transition=&#8220;on&#8220;]<\/p>\n<p>2009:<span> <\/span><strong>Prof. Dr. Ursula Schneider-Hendrich<\/strong><br \/>2010:<span> <\/span><strong>Dr. Charles Savage <\/strong>|<strong> International Atomic Energy Agency<\/strong><br \/>2011:<span> <\/span><strong>Prof. Dr. Stefan G\u00fcldenberg<\/strong> | <strong>UNESCO <\/strong><br \/>2012:<span> <\/span><strong>Prof. Dr. Nico Stehr<\/strong> | <strong>United Nations Development Programme<\/strong><br \/>2013: <strong>Weltbank<\/strong><br \/>2014:<span> <\/span><strong>Prof. Klaus North<\/strong><br \/>2015:<span> <\/span><strong>DI Dr. Angelika Mittelmann <\/strong>|<strong> UNESCO<\/strong><br \/>2016:<span> <\/span><strong>Dr. Ibrahim Seba Al Marri <\/strong>| <strong> KM4Dev Community<\/strong><br \/>2017: <span> <strong> Prof. Leif Edvinsson<\/strong> | <\/span><strong>JIU Joint Inspection Unit of the United Nations System<\/strong><br \/>2018:<span> <strong> Dr. Ali Asghar Pourmand<\/strong> |<\/span> <strong>International Fund for Agricultural Development<\/strong><br \/>2019: <g id=\"gid_1\">Charles Dhewa<\/g> | <g id=\"gid_2\">International Lifestock Research Institute<\/g><br \/>2020: <g id=\"gid_3\">Prof. Kimiz Dalkir<\/g> | <g id=\"gid_4\">United Nations International Children Emergency Fund<\/g><br \/>2021: <strong> Prof. Eric Tsui<\/strong> |     <strong>Green Climate Fund<\/strong><\/p>\n<p>[\/et_pb_slide][et_pb_slide heading=&#8220;Die S\u00e4ule des Wissens, 2008&#8243; _builder_version=&#8220;4.17.3&#8243; _module_preset=&#8220;default&#8220; header_level=&#8220;h3&#8243; header_text_align=&#8220;left&#8220; header_font_size=&#8220;23px&#8220; global_colors_info=&#8220;{}&#8220; sticky_transition=&#8220;on&#8220;]<\/p>\n<p style=\"text-align: left;\">von Helmut <span>Margreiter<\/span><span><\/span><\/p>\n<p><img decoding=\"async\" src=\"https:\/\/km-a.net\/wp-content\/uploads\/2021\/12\/Column-of-Knowledge-1024x682-1-1.jpg\" width=\"100%\" height=\"auto\" alt=\"\" class=\"wp-image-236517 alignnone size-medium\" style=\"display: block; margin-left: auto; margin-right: auto;\" srcset=\"https:\/\/km-a.net\/wp-content\/uploads\/2021\/12\/Column-of-Knowledge-1024x682-1-1.jpg 1024w, https:\/\/km-a.net\/wp-content\/uploads\/2021\/12\/Column-of-Knowledge-1024x682-1-1-980x653.jpg 980w, https:\/\/km-a.net\/wp-content\/uploads\/2021\/12\/Column-of-Knowledge-1024x682-1-1-480x320.jpg 480w\" sizes=\"(min-width: 0px) and (max-width: 480px) 480px, (min-width: 481px) and (max-width: 980px) 980px, (min-width: 981px) 1024px, 100vw\" \/><\/p>\n<p>[\/et_pb_slide][et_pb_slide heading=&#8220;1. Konferenz Agenda Knowledge 2009 Gr\u00fcndungsakt &#8220; _builder_version=&#8220;4.17.3&#8243; _module_preset=&#8220;default&#8220; header_level=&#8220;h3&#8243; header_text_align=&#8220;left&#8220; header_font_size=&#8220;23px&#8220; global_colors_info=&#8220;{}&#8220; sticky_transition=&#8220;on&#8220;]<\/p>\n<p style=\"text-align: left;\">Wissenspartnerschaft \u00d6sterreich: Prof. G\u00fcnter Koch<\/p>\n<p><img decoding=\"async\" src=\"https:\/\/km-a.net\/wp-content\/uploads\/2022\/12\/GuntherKoch.jpg\" width=\"100%\" height=\"auto\" alt=\"\" class=\"wp-image-240285 alignnone size-medium\" srcset=\"https:\/\/km-a.net\/wp-content\/uploads\/2022\/12\/GuntherKoch.jpg 1561w, https:\/\/km-a.net\/wp-content\/uploads\/2022\/12\/GuntherKoch-1280x854.jpg 1280w, https:\/\/km-a.net\/wp-content\/uploads\/2022\/12\/GuntherKoch-980x654.jpg 980w, https:\/\/km-a.net\/wp-content\/uploads\/2022\/12\/GuntherKoch-480x320.jpg 480w\" sizes=\"(min-width: 0px) and (max-width: 480px) 480px, (min-width: 481px) and (max-width: 980px) 980px, (min-width: 981px) and (max-width: 1280px) 1280px, (min-width: 1281px) 1561px, 100vw\" \/>[\/et_pb_slide][et_pb_slide heading=&#8220;2. Konferenz Agenda Knowledge 2010&#8243; _builder_version=&#8220;4.17.3&#8243; _module_preset=&#8220;default&#8220; header_level=&#8220;h3&#8243; header_text_align=&#8220;left&#8220; header_font_size=&#8220;23px&#8220; global_colors_info=&#8220;{}&#8220; sticky_transition=&#8220;on&#8220;]<\/p>\n<p style=\"text-align: left;\">Erste Ausstellung Knowledge.Art.Space<\/p>\n<p><img decoding=\"async\" src=\"https:\/\/km-a.net\/wp-content\/uploads\/2022\/12\/AgendaKnowledge2010.jpg\" width=\"100%\" height=\"auto\" alt=\"\" class=\"wp-image-240287 alignnone size-medium\" srcset=\"https:\/\/km-a.net\/wp-content\/uploads\/2022\/12\/AgendaKnowledge2010.jpg 1766w, https:\/\/km-a.net\/wp-content\/uploads\/2022\/12\/AgendaKnowledge2010-1280x859.jpg 1280w, https:\/\/km-a.net\/wp-content\/uploads\/2022\/12\/AgendaKnowledge2010-980x658.jpg 980w, https:\/\/km-a.net\/wp-content\/uploads\/2022\/12\/AgendaKnowledge2010-480x322.jpg 480w\" sizes=\"(min-width: 0px) and (max-width: 480px) 480px, (min-width: 481px) and (max-width: 980px) 980px, (min-width: 981px) and (max-width: 1280px) 1280px, (min-width: 1281px) 1766px, 100vw\" \/>[\/et_pb_slide][et_pb_slide heading=&#8220;2009: Agenda Wissen \u00d6sterreich&#8220; _builder_version=&#8220;4.17.3&#8243; _module_preset=&#8220;default&#8220; header_level=&#8220;h3&#8243; header_text_align=&#8220;left&#8220; header_font_size=&#8220;23px&#8220; global_colors_info=&#8220;{}&#8220; sticky_transition=&#8220;on&#8220;]<\/p>\n<p style=\"text-align: left;\">Round Table \u00d6sterreichisches Parlament<\/p>\n<p><img decoding=\"async\" src=\"https:\/\/km-a.net\/wp-content\/uploads\/2022\/12\/2009-Knowledge-Agenda.jpg\" width=\"100%\" height=\"auto\" alt=\"\" class=\"wp-image-240289 alignnone size-medium\" srcset=\"https:\/\/km-a.net\/wp-content\/uploads\/2022\/12\/2009-Knowledge-Agenda.jpg 689w, https:\/\/km-a.net\/wp-content\/uploads\/2022\/12\/2009-Knowledge-Agenda-480x369.jpg 480w\" sizes=\"(min-width: 0px) and (max-width: 480px) 480px, (min-width: 481px) 689px, 100vw\" \/>[\/et_pb_slide][et_pb_slide heading=&#8220;3. Konferenz Agenda Knowledge 2011&#8243; _builder_version=&#8220;4.17.3&#8243; _module_preset=&#8220;default&#8220; header_level=&#8220;h3&#8243; header_text_align=&#8220;left&#8220; header_font_size=&#8220;23px&#8220; global_colors_info=&#8220;{}&#8220; sticky_transition=&#8220;on&#8220;]<\/p>\n<p style=\"text-align: left;\">Wissensmarkt<\/p>\n<p><img decoding=\"async\" src=\"https:\/\/km-a.net\/wp-content\/uploads\/2022\/12\/KnowledgeMarket.jpg\" width=\"100%\" height=\"auto\" alt=\"\" class=\"wp-image-240291 alignnone size-medium\" srcset=\"https:\/\/km-a.net\/wp-content\/uploads\/2022\/12\/KnowledgeMarket.jpg 1277w, https:\/\/km-a.net\/wp-content\/uploads\/2022\/12\/KnowledgeMarket-980x654.jpg 980w, https:\/\/km-a.net\/wp-content\/uploads\/2022\/12\/KnowledgeMarket-480x320.jpg 480w\" sizes=\"(min-width: 0px) and (max-width: 480px) 480px, (min-width: 481px) and (max-width: 980px) 980px, (min-width: 981px) 1277px, 100vw\" \/>[\/et_pb_slide][et_pb_slide heading=&#8220;Vienna.Knowledge.Space 2009&#8243; _builder_version=&#8220;4.17.3&#8243; _module_preset=&#8220;default&#8220; header_level=&#8220;h3&#8243; header_text_align=&#8220;left&#8220; header_font_size=&#8220;23px&#8220; global_colors_info=&#8220;{}&#8220; sticky_transition=&#8220;on&#8220;]<\/p>\n<p style=\"text-align: left;\">City Center, Karlsplatz<\/p>\n<p><img decoding=\"async\" src=\"https:\/\/km-a.net\/wp-content\/uploads\/2022\/12\/ViennaKnowledgeSpace2009.png\" width=\"100%\" height=\"auto\" alt=\"\" class=\"wp-image-240293 alignnone size-medium\" srcset=\"https:\/\/km-a.net\/wp-content\/uploads\/2022\/12\/ViennaKnowledgeSpace2009.png 812w, https:\/\/km-a.net\/wp-content\/uploads\/2022\/12\/ViennaKnowledgeSpace2009-480x361.png 480w\" sizes=\"(min-width: 0px) and (max-width: 480px) 480px, (min-width: 481px) 812px, 100vw\" \/>[\/et_pb_slide][et_pb_slide heading=&#8220;Gr\u00fcndung der Wissenspartnerschaft in Berlin 2011&#8243; _builder_version=&#8220;4.17.3&#8243; _module_preset=&#8220;default&#8220; header_level=&#8220;h3&#8243; header_text_align=&#8220;left&#8220; header_font_size=&#8220;23px&#8220; global_colors_info=&#8220;{}&#8220; sticky_transition=&#8220;on&#8220;]<img decoding=\"async\" src=\"https:\/\/km-a.net\/wp-content\/uploads\/2022\/12\/KnowledgePartnershipBerlin2011.jpg\" width=\"100%\" height=\"auto\" alt=\"\" class=\"wp-image-240297 alignnone size-medium\" srcset=\"https:\/\/km-a.net\/wp-content\/uploads\/2022\/12\/KnowledgePartnershipBerlin2011.jpg 1200w, https:\/\/km-a.net\/wp-content\/uploads\/2022\/12\/KnowledgePartnershipBerlin2011-980x737.jpg 980w, https:\/\/km-a.net\/wp-content\/uploads\/2022\/12\/KnowledgePartnershipBerlin2011-480x361.jpg 480w\" sizes=\"(min-width: 0px) and (max-width: 480px) 480px, (min-width: 481px) and (max-width: 980px) 980px, (min-width: 981px) 1200px, 100vw\" \/>[\/et_pb_slide][et_pb_slide heading=&#8220;Vienna.Knowledge.Space 2009&#8243; _builder_version=&#8220;4.17.3&#8243; _module_preset=&#8220;default&#8220; header_level=&#8220;h3&#8243; header_text_align=&#8220;left&#8220; header_font_size=&#8220;23px&#8220; global_colors_info=&#8220;{}&#8220; sticky_transition=&#8220;on&#8220;]<\/p>\n<p style=\"text-align: left;\">Workshop f\u00fcr Kinder<\/p>\n<p><img decoding=\"async\" src=\"https:\/\/km-a.net\/wp-content\/uploads\/2022\/12\/LectureForKids.jpg\" width=\"100%\" height=\"auto\" alt=\"\" class=\"wp-image-240295 alignnone size-medium\" srcset=\"https:\/\/km-a.net\/wp-content\/uploads\/2022\/12\/LectureForKids.jpg 2225w, https:\/\/km-a.net\/wp-content\/uploads\/2022\/12\/LectureForKids-1280x961.jpg 1280w, https:\/\/km-a.net\/wp-content\/uploads\/2022\/12\/LectureForKids-980x736.jpg 980w, https:\/\/km-a.net\/wp-content\/uploads\/2022\/12\/LectureForKids-480x360.jpg 480w\" sizes=\"(min-width: 0px) and (max-width: 480px) 480px, (min-width: 481px) and (max-width: 980px) 980px, (min-width: 981px) and (max-width: 1280px) 1280px, (min-width: 1281px) 2225px, 100vw\" \/>[\/et_pb_slide][et_pb_slide heading=&#8220;18. Treffen der Wissenspartnerschaft 2015&#8243; _builder_version=&#8220;4.17.3&#8243; _module_preset=&#8220;default&#8220; header_level=&#8220;h3&#8243; header_text_align=&#8220;left&#8220; header_font_size=&#8220;23px&#8220; global_colors_info=&#8220;{}&#8220; sticky_transition=&#8220;on&#8220;]<\/p>\n<p style=\"text-align: left;\">Universit\u00e4t Wien \u2013 Health Knowledge Management\n<\/p>\n<p><img decoding=\"async\" src=\"https:\/\/km-a.net\/wp-content\/uploads\/2022\/12\/11-MeetingKnowledgePartnership.png\" width=\"100%\" height=\"auto\" alt=\"\" class=\"wp-image-240299 alignnone size-medium\" srcset=\"https:\/\/km-a.net\/wp-content\/uploads\/2022\/12\/11-MeetingKnowledgePartnership.png 1527w, https:\/\/km-a.net\/wp-content\/uploads\/2022\/12\/11-MeetingKnowledgePartnership-1280x962.png 1280w, https:\/\/km-a.net\/wp-content\/uploads\/2022\/12\/11-MeetingKnowledgePartnership-980x737.png 980w, https:\/\/km-a.net\/wp-content\/uploads\/2022\/12\/11-MeetingKnowledgePartnership-480x361.png 480w\" sizes=\"(min-width: 0px) and (max-width: 480px) 480px, (min-width: 481px) and (max-width: 980px) 980px, (min-width: 981px) and (max-width: 1280px) 1280px, (min-width: 1281px) 1527px, 100vw\" \/>[\/et_pb_slide][et_pb_slide heading=&#8220;Climate Knowledge Needs Assessment M\u00e4rz 2016, Addis Ababa, Ethiopia&#8220; _builder_version=&#8220;4.17.3&#8243; _module_preset=&#8220;default&#8220; header_level=&#8220;h3&#8243; header_text_align=&#8220;left&#8220; header_font_size=&#8220;23px&#8220; global_colors_info=&#8220;{}&#8220; sticky_transition=&#8220;on&#8220;]<img decoding=\"async\" src=\"https:\/\/km-a.net\/wp-content\/uploads\/2022\/12\/12-Climate-Knowledge.jpg\" width=\"100%\" height=\"auto\" alt=\"\" class=\"wp-image-240359 alignnone size-medium\" srcset=\"https:\/\/km-a.net\/wp-content\/uploads\/2022\/12\/12-Climate-Knowledge.jpg 689w, https:\/\/km-a.net\/wp-content\/uploads\/2022\/12\/12-Climate-Knowledge-480x271.jpg 480w\" sizes=\"(min-width: 0px) and (max-width: 480px) 480px, (min-width: 481px) 689px, 100vw\" \/>[\/et_pb_slide][et_pb_slide heading=&#8220;1. Knowledge Management Award 2009&#8243; _builder_version=&#8220;4.17.3&#8243; _module_preset=&#8220;default&#8220; header_level=&#8220;h3&#8243; header_text_align=&#8220;left&#8220; header_font_size=&#8220;23px&#8220; global_colors_info=&#8220;{}&#8220; sticky_transition=&#8220;on&#8220;]<\/p>\n<p style=\"text-align: left;\">Ursula Hendrich-Schneider<\/p>\n<p><img decoding=\"async\" src=\"https:\/\/km-a.net\/wp-content\/uploads\/2022\/12\/23-Ursula-HendrichSchneider.png\" width=\"100%\" height=\"auto\" alt=\"\" class=\"wp-image-240339 alignnone size-medium\" srcset=\"https:\/\/km-a.net\/wp-content\/uploads\/2022\/12\/23-Ursula-HendrichSchneider.png 1216w, https:\/\/km-a.net\/wp-content\/uploads\/2022\/12\/23-Ursula-HendrichSchneider-980x693.png 980w, https:\/\/km-a.net\/wp-content\/uploads\/2022\/12\/23-Ursula-HendrichSchneider-480x339.png 480w\" sizes=\"(min-width: 0px) and (max-width: 480px) 480px, (min-width: 481px) and (max-width: 980px) 980px, (min-width: 981px) 1216px, 100vw\" \/>[\/et_pb_slide][et_pb_slide heading=&#8220;Knowledge Management Award 2010 &#8220; _builder_version=&#8220;4.17.3&#8243; _module_preset=&#8220;default&#8220; header_level=&#8220;h3&#8243; header_text_align=&#8220;left&#8220; header_font_size=&#8220;23px&#8220; global_colors_info=&#8220;{}&#8220; sticky_transition=&#8220;on&#8220;]<\/p>\n<p style=\"text-align: left;\">Charles Savage<\/p>\n<p><img decoding=\"async\" src=\"https:\/\/km-a.net\/wp-content\/uploads\/2022\/12\/24-Charles-Savage.png\" width=\"50%\" alt=\"\" class=\"wp-image-240337 alignnone size-medium\" srcset=\"https:\/\/km-a.net\/wp-content\/uploads\/2022\/12\/24-Charles-Savage.png 639w, https:\/\/km-a.net\/wp-content\/uploads\/2022\/12\/24-Charles-Savage-480x649.png 480w\" sizes=\"(min-width: 0px) and (max-width: 480px) 480px, (min-width: 481px) 639px, 100vw\" \/>[\/et_pb_slide][et_pb_slide heading=&#8220;Knowledge Management Award 2010&#8243; _builder_version=&#8220;4.17.3&#8243; _module_preset=&#8220;default&#8220; header_level=&#8220;h3&#8243; header_text_align=&#8220;left&#8220; header_font_size=&#8220;23px&#8220; global_colors_info=&#8220;{}&#8220; sticky_transition=&#8220;on&#8220;]<\/p>\n<p style=\"text-align: left;\">IAEA International Atomic Energy Agency<\/p>\n<p><img decoding=\"async\" src=\"https:\/\/km-a.net\/wp-content\/uploads\/2022\/12\/25-IAEA.png\" width=\"50%\" height=\"auto\" alt=\"\" class=\"wp-image-240335 alignnone size-medium\" srcset=\"https:\/\/km-a.net\/wp-content\/uploads\/2022\/12\/25-IAEA.png 656w, https:\/\/km-a.net\/wp-content\/uploads\/2022\/12\/25-IAEA-480x597.png 480w\" sizes=\"(min-width: 0px) and (max-width: 480px) 480px, (min-width: 481px) 656px, 100vw\" \/>[\/et_pb_slide][et_pb_slide heading=&#8220;Knowledge Management Award 2011 &#8220; _builder_version=&#8220;4.17.3&#8243; _module_preset=&#8220;default&#8220; header_level=&#8220;h3&#8243; header_text_align=&#8220;left&#8220; header_font_size=&#8220;23px&#8220; global_colors_info=&#8220;{}&#8220; sticky_transition=&#8220;on&#8220;]<\/p>\n<p style=\"text-align: left;\">Stefan G\u00fcldenberg<\/p>\n<p><img decoding=\"async\" src=\"https:\/\/km-a.net\/wp-content\/uploads\/2022\/12\/26-Stefan-Guldenberg.png\" width=\"100%\" height=\"auto\" alt=\"\" class=\"wp-image-240333 alignnone size-medium\" srcset=\"https:\/\/km-a.net\/wp-content\/uploads\/2022\/12\/26-Stefan-Guldenberg.png 632w, https:\/\/km-a.net\/wp-content\/uploads\/2022\/12\/26-Stefan-Guldenberg-480x437.png 480w\" sizes=\"(min-width: 0px) and (max-width: 480px) 480px, (min-width: 481px) 632px, 100vw\" \/>[\/et_pb_slide][et_pb_slide heading=&#8220;Knowledge Management Award 2012&#8243; _builder_version=&#8220;4.17.3&#8243; _module_preset=&#8220;default&#8220; header_level=&#8220;h3&#8243; header_text_align=&#8220;left&#8220; header_font_size=&#8220;23px&#8220; global_colors_info=&#8220;{}&#8220; sticky_transition=&#8220;on&#8220;]<\/p>\n<p style=\"text-align: left;\">Nico Stehr<\/p>\n<p><img decoding=\"async\" src=\"https:\/\/km-a.net\/wp-content\/uploads\/2022\/12\/27-Nico-Stehr.png\" width=\"100%\" height=\"auto\" alt=\"\" class=\"wp-image-240331 alignnone size-medium\" srcset=\"https:\/\/km-a.net\/wp-content\/uploads\/2022\/12\/27-Nico-Stehr.png 813w, https:\/\/km-a.net\/wp-content\/uploads\/2022\/12\/27-Nico-Stehr-480x317.png 480w\" sizes=\"(min-width: 0px) and (max-width: 480px) 480px, (min-width: 481px) 813px, 100vw\" \/>[\/et_pb_slide][et_pb_slide heading=&#8220;Knowledge Management Award 2012&#8243; _builder_version=&#8220;4.17.3&#8243; _module_preset=&#8220;default&#8220; header_level=&#8220;h3&#8243; header_text_align=&#8220;left&#8220; header_font_size=&#8220;23px&#8220; global_colors_info=&#8220;{}&#8220; sticky_transition=&#8220;on&#8220;]<\/p>\n<p style=\"text-align: left;\">United Nations Development Programme<\/p>\n<p><img decoding=\"async\" src=\"https:\/\/km-a.net\/wp-content\/uploads\/2022\/12\/28-UNDP.png\" width=\"100%\" height=\"auto\" alt=\"\" class=\"wp-image-240329 alignnone size-medium\" srcset=\"https:\/\/km-a.net\/wp-content\/uploads\/2022\/12\/28-UNDP.png 616w, https:\/\/km-a.net\/wp-content\/uploads\/2022\/12\/28-UNDP-480x431.png 480w\" sizes=\"(min-width: 0px) and (max-width: 480px) 480px, (min-width: 481px) 616px, 100vw\" \/>[\/et_pb_slide][et_pb_slide heading=&#8220;Knowledge Management Award 2014&#8243; _builder_version=&#8220;4.17.3&#8243; _module_preset=&#8220;default&#8220; header_level=&#8220;h3&#8243; header_text_align=&#8220;left&#8220; header_font_size=&#8220;23px&#8220; global_colors_info=&#8220;{}&#8220; sticky_transition=&#8220;on&#8220;]<\/p>\n<p style=\"text-align: left;\">Klaus North<\/p>\n<p><img decoding=\"async\" src=\"https:\/\/km-a.net\/wp-content\/uploads\/2022\/12\/29-Klaus-North.png\" width=\"100%\" height=\"auto\" alt=\"\" class=\"wp-image-240327 alignnone size-medium\" srcset=\"https:\/\/km-a.net\/wp-content\/uploads\/2022\/12\/29-Klaus-North.png 1274w, https:\/\/km-a.net\/wp-content\/uploads\/2022\/12\/29-Klaus-North-980x1003.png 980w, https:\/\/km-a.net\/wp-content\/uploads\/2022\/12\/29-Klaus-North-480x491.png 480w\" sizes=\"(min-width: 0px) and (max-width: 480px) 480px, (min-width: 481px) and (max-width: 980px) 980px, (min-width: 981px) 1274px, 100vw\" \/>[\/et_pb_slide][et_pb_slide heading=&#8220;Knowledge Management Award 2015 &#8220; _builder_version=&#8220;4.17.3&#8243; _module_preset=&#8220;default&#8220; header_level=&#8220;h3&#8243; header_text_align=&#8220;left&#8220; header_font_size=&#8220;23px&#8220; global_colors_info=&#8220;{}&#8220; sticky_transition=&#8220;on&#8220;]<\/p>\n<p style=\"text-align: left;\">Angelika Mittelmann<\/p>\n<p><img decoding=\"async\" src=\"https:\/\/km-a.net\/wp-content\/uploads\/2022\/12\/30-Angelika-Mittelmann.png\" width=\"70%\" height=\"auto\" alt=\"\" class=\"wp-image-240325 alignnone size-medium\" srcset=\"https:\/\/km-a.net\/wp-content\/uploads\/2022\/12\/30-Angelika-Mittelmann.png 370w, https:\/\/km-a.net\/wp-content\/uploads\/2022\/12\/30-Angelika-Mittelmann-264x300.png 264w\" sizes=\"(max-width: 370px) 100vw, 370px\" \/>[\/et_pb_slide][et_pb_slide heading=&#8220;Knowledge Management Award 2015&#8243; _builder_version=&#8220;4.17.3&#8243; _module_preset=&#8220;default&#8220; header_level=&#8220;h3&#8243; header_text_align=&#8220;left&#8220; header_font_size=&#8220;23px&#8220; global_colors_info=&#8220;{}&#8220; sticky_transition=&#8220;on&#8220;]<\/p>\n<p style=\"text-align: left;\">Irina Bokova, UNESCO<\/p>\n<p><img decoding=\"async\" src=\"https:\/\/km-a.net\/wp-content\/uploads\/2022\/12\/31-Irina-Bokova.jpg\" width=\"100%\" height=\"auto\" alt=\"\" class=\"wp-image-240323 alignnone size-medium\" srcset=\"https:\/\/km-a.net\/wp-content\/uploads\/2022\/12\/31-Irina-Bokova.jpg 2019w, https:\/\/km-a.net\/wp-content\/uploads\/2022\/12\/31-Irina-Bokova-1280x825.jpg 1280w, https:\/\/km-a.net\/wp-content\/uploads\/2022\/12\/31-Irina-Bokova-980x631.jpg 980w, https:\/\/km-a.net\/wp-content\/uploads\/2022\/12\/31-Irina-Bokova-480x309.jpg 480w\" sizes=\"(min-width: 0px) and (max-width: 480px) 480px, (min-width: 481px) and (max-width: 980px) 980px, (min-width: 981px) and (max-width: 1280px) 1280px, (min-width: 1281px) 2019px, 100vw\" \/>[\/et_pb_slide][et_pb_slide heading=&#8220;Title&#8220; _builder_version=&#8220;4.17.3&#8243; _module_preset=&#8220;default&#8220; header_level=&#8220;h3&#8243; header_text_align=&#8220;left&#8220; header_font_size=&#8220;23px&#8220; global_colors_info=&#8220;{}&#8220; sticky_transition=&#8220;on&#8220;]<\/p>\n<p style=\"text-align: left;\">Subtitle<\/p>\n<p><img decoding=\"async\" src=\"https:\/\/km-a.net\/wp-content\/uploads\/2022\/12\/ViennaKnowledgeSpace2009.png\" width=\"100%\" height=\"auto\" alt=\"\" class=\"wp-image-240293 alignnone size-medium\" srcset=\"https:\/\/km-a.net\/wp-content\/uploads\/2022\/12\/ViennaKnowledgeSpace2009.png 812w, https:\/\/km-a.net\/wp-content\/uploads\/2022\/12\/ViennaKnowledgeSpace2009-480x361.png 480w\" sizes=\"(min-width: 0px) and (max-width: 480px) 480px, (min-width: 481px) 812px, 100vw\" \/>[\/et_pb_slide][et_pb_slide heading=&#8220;Title&#8220; _builder_version=&#8220;4.17.3&#8243; _module_preset=&#8220;default&#8220; header_level=&#8220;h3&#8243; header_text_align=&#8220;left&#8220; header_font_size=&#8220;23px&#8220; global_colors_info=&#8220;{}&#8220; sticky_transition=&#8220;on&#8220;]<\/p>\n<p style=\"text-align: left;\">Subtitle<\/p>\n<p><img decoding=\"async\" src=\"https:\/\/km-a.net\/wp-content\/uploads\/2022\/12\/ViennaKnowledgeSpace2009.png\" width=\"100%\" height=\"auto\" alt=\"\" class=\"wp-image-240293 alignnone size-medium\" srcset=\"https:\/\/km-a.net\/wp-content\/uploads\/2022\/12\/ViennaKnowledgeSpace2009.png 812w, https:\/\/km-a.net\/wp-content\/uploads\/2022\/12\/ViennaKnowledgeSpace2009-480x361.png 480w\" sizes=\"(min-width: 0px) and (max-width: 480px) 480px, (min-width: 481px) 812px, 100vw\" \/>[\/et_pb_slide][et_pb_slide heading=&#8220;Title&#8220; _builder_version=&#8220;4.17.3&#8243; _module_preset=&#8220;default&#8220; header_level=&#8220;h3&#8243; header_text_align=&#8220;left&#8220; header_font_size=&#8220;23px&#8220; global_colors_info=&#8220;{}&#8220; sticky_transition=&#8220;on&#8220;]<\/p>\n<p style=\"text-align: left;\">Subtitle<\/p>\n<p><img decoding=\"async\" src=\"https:\/\/km-a.net\/wp-content\/uploads\/2022\/12\/ViennaKnowledgeSpace2009.png\" width=\"100%\" height=\"auto\" alt=\"\" class=\"wp-image-240293 alignnone size-medium\" srcset=\"https:\/\/km-a.net\/wp-content\/uploads\/2022\/12\/ViennaKnowledgeSpace2009.png 812w, https:\/\/km-a.net\/wp-content\/uploads\/2022\/12\/ViennaKnowledgeSpace2009-480x361.png 480w\" sizes=\"(min-width: 0px) and (max-width: 480px) 480px, (min-width: 481px) 812px, 100vw\" \/>[\/et_pb_slide][et_pb_slide heading=&#8220;Title&#8220; _builder_version=&#8220;4.17.3&#8243; _module_preset=&#8220;default&#8220; header_level=&#8220;h3&#8243; header_text_align=&#8220;left&#8220; header_font_size=&#8220;23px&#8220; global_colors_info=&#8220;{}&#8220; sticky_transition=&#8220;on&#8220;]<\/p>\n<p style=\"text-align: left;\">Subtitle<\/p>\n<p><img decoding=\"async\" src=\"https:\/\/km-a.net\/wp-content\/uploads\/2022\/12\/ViennaKnowledgeSpace2009.png\" width=\"100%\" height=\"auto\" alt=\"\" class=\"wp-image-240293 alignnone size-medium\" srcset=\"https:\/\/km-a.net\/wp-content\/uploads\/2022\/12\/ViennaKnowledgeSpace2009.png 812w, https:\/\/km-a.net\/wp-content\/uploads\/2022\/12\/ViennaKnowledgeSpace2009-480x361.png 480w\" sizes=\"(min-width: 0px) and (max-width: 480px) 480px, (min-width: 481px) 812px, 100vw\" \/>[\/et_pb_slide][et_pb_slide heading=&#8220;Title&#8220; _builder_version=&#8220;4.17.3&#8243; _module_preset=&#8220;default&#8220; header_level=&#8220;h3&#8243; header_text_align=&#8220;left&#8220; header_font_size=&#8220;23px&#8220; global_colors_info=&#8220;{}&#8220; sticky_transition=&#8220;on&#8220;]<\/p>\n<p style=\"text-align: left;\">Subtitle<\/p>\n<p><img decoding=\"async\" src=\"https:\/\/km-a.net\/wp-content\/uploads\/2022\/12\/ViennaKnowledgeSpace2009.png\" width=\"100%\" height=\"auto\" alt=\"\" class=\"wp-image-240293 alignnone size-medium\" srcset=\"https:\/\/km-a.net\/wp-content\/uploads\/2022\/12\/ViennaKnowledgeSpace2009.png 812w, https:\/\/km-a.net\/wp-content\/uploads\/2022\/12\/ViennaKnowledgeSpace2009-480x361.png 480w\" sizes=\"(min-width: 0px) and (max-width: 480px) 480px, (min-width: 481px) 812px, 100vw\" \/>[\/et_pb_slide][et_pb_slide heading=&#8220;Title&#8220; _builder_version=&#8220;4.17.3&#8243; _module_preset=&#8220;default&#8220; header_level=&#8220;h3&#8243; header_text_align=&#8220;left&#8220; header_font_size=&#8220;23px&#8220; global_colors_info=&#8220;{}&#8220; sticky_transition=&#8220;on&#8220;]<\/p>\n<p style=\"text-align: left;\">Subtitle<\/p>\n<p><img decoding=\"async\" src=\"https:\/\/km-a.net\/wp-content\/uploads\/2022\/12\/ViennaKnowledgeSpace2009.png\" width=\"100%\" height=\"auto\" alt=\"\" class=\"wp-image-240293 alignnone size-medium\" srcset=\"https:\/\/km-a.net\/wp-content\/uploads\/2022\/12\/ViennaKnowledgeSpace2009.png 812w, https:\/\/km-a.net\/wp-content\/uploads\/2022\/12\/ViennaKnowledgeSpace2009-480x361.png 480w\" sizes=\"(min-width: 0px) and (max-width: 480px) 480px, (min-width: 481px) 812px, 100vw\" \/>[\/et_pb_slide][et_pb_slide heading=&#8220;Knowledge Management Award 2021 &#8220; button_text=&#8220;Mehr erfahren&#8220; button_link=&#8220;@ET-DC@eyJkeW5hbWljIjp0cnVlLCJjb250ZW50IjoicG9zdF9saW5rX3VybF9wYWdlIiwic2V0dGluZ3MiOnsicG9zdF9pZCI6IjI0MDI0NCIsImVuYWJsZV9odG1sIjoib2ZmIn19@&#8220; use_bg_overlay=&#8220;off&#8220; use_text_overlay=&#8220;off&#8220; _builder_version=&#8220;4.17.3&#8243; _dynamic_attributes=&#8220;button_link&#8220; _module_preset=&#8220;default&#8220; header_text_align=&#8220;center&#8220; text_orientation=&#8220;left&#8220; global_colors_info=&#8220;{}&#8220; sticky_transition=&#8220;on&#8220;]<\/p>\n<p><span><\/span><\/p>\n<p><span><strong>Die Gewinner des Knowledge Management Awards 2021<\/strong> wurden anl\u00e4sslich der <strong>Maiden Africa Knowledge Management for Development am 9. Dezember 2021<\/strong> von <strong>Knowledge Management Austria<\/strong> in Zusammenarbeit mit der <strong>Knowledge for Development Partnership<\/strong> mit den <strong>S\u00e4ulen des Wissens<\/strong> ausgezeichnet.<\/span><\/p>\n<p><span style=\"font-size: 18px;\">Wir gratulieren <\/span><strong style=\"font-size: 18px;\">Eric Tsui<\/strong><span style=\"font-size: 18px;\">, Professor an der Hong Kong Polytechnic University, f\u00fcr die Auszeichnung mit dem individuellen Preis und dem <\/span><strong style=\"font-size: 18px;\">Green Climate Fund<\/strong><span style=\"font-size: 18px;\">f\u00fcr den Gewinn in der Spezialkategorie f\u00fcr internationale Organisationen!<\/span><br \/><span><\/span><\/p>\n<p>&nbsp;<\/p>\n<p>[\/et_pb_slide][\/et_pb_slider][\/et_pb_column][\/et_pb_row][\/et_pb_section][et_pb_section fb_built=&#8220;1&#8243; custom_padding_last_edited=&#8220;on|phone&#8220; disabled_on=&#8220;on|on|on&#8220; admin_label=&#8220;Services&#8220; _builder_version=&#8220;4.17.3&#8243; background_enable_mask_style=&#8220;on&#8220; background_mask_style=&#8220;honeycomb&#8220; background_mask_color=&#8220;#0070C0&#8243; background_mask_transform=&#8220;invert|flip_vertical&#8220; background_mask_size=&#8220;custom&#8220; background_mask_width=&#8220;85%&#8220; background_mask_height=&#8220;0%&#8220; background_mask_position=&#8220;bottom_left&#8220; background_mask_horizontal_offset=&#8220;100%&#8220; background_mask_vertical_offset=&#8220;100%&#8220; custom_margin_tablet=&#8220;&#8220; custom_margin_phone=&#8220;&#8220; custom_margin_last_edited=&#8220;on|phone&#8220; custom_padding=&#8220;0px||||false|false&#8220; custom_padding_tablet=&#8220;0px||||false|false&#8220; custom_padding_phone=&#8220;0px||||false|false&#8220; disabled=&#8220;on&#8220; global_colors_info=&#8220;{}&#8220;][et_pb_row make_equal=&#8220;on&#8220; _builder_version=&#8220;4.17.3&#8243; z_index=&#8220;80&#8243; custom_padding=&#8220;|15px||15px|true|true&#8220; border_radii=&#8220;on|5px|5px|5px|5px&#8220; locked=&#8220;off&#8220; global_colors_info=&#8220;{}&#8220;][et_pb_column type=&#8220;4_4&#8243; _builder_version=&#8220;4.17.3&#8243; background_color=&#8220;#FFFFFF&#8220; custom_padding=&#8220;50px|0px|50px|0px|true|true&#8220; border_radii=&#8220;on|5px|5px|5px|5px&#8220; box_shadow_style=&#8220;preset1&#8243; global_colors_info=&#8220;{}&#8220;][et_pb_text _builder_version=&#8220;4.17.3&#8243; _module_preset=&#8220;default&#8220; header_font_size=&#8220;40px&#8220; global_colors_info=&#8220;{}&#8220;]<\/p>\n<h1 style=\"text-align: center;\"><span style=\"color: #c00000;\">Preistr\u00e4gerInnen<\/span><span style=\"color: #0070c0;\"><\/span><span style=\"color: #0070c0;\"><\/span><\/h1>\n<p>[\/et_pb_text][et_pb_slider _builder_version=&#8220;4.17.3&#8243; _module_preset=&#8220;default&#8220; header_level=&#8220;h3&#8243; header_text_align=&#8220;center&#8220; header_font_size=&#8220;31px&#8220; background_color=&#8220;#0070C0&#8243; background_enable_mask_style=&#8220;on&#8220; background_mask_style=&#8220;honeycomb&#8220; background_mask_color=&#8220;#FFFFFF&#8220; background_mask_transform=&#8220;invert|flip_vertical&#8220; background_mask_aspect_ratio=&#8220;portrait&#8220; background_mask_size=&#8220;contain&#8220; background_mask_position=&#8220;bottom_left&#8220; background_mask_horizontal_offset=&#8220;104%&#8220; button_alignment=&#8220;center&#8220; text_orientation=&#8220;justified&#8220; custom_margin=&#8220;||||false|true&#8220; custom_padding=&#8220;5em|8em|5em|8em|true|true&#8220; scroll_blur_enable=&#8220;on&#8220; scroll_blur=&#8220;0|8|92|100|10|0|0&#8243; global_colors_info=&#8220;{}&#8220;][et_pb_slide heading=&#8220;Knowledge Management Award 2021 &#8220; button_text=&#8220;Mehr erfahren&#8220; button_link=&#8220;@ET-DC@eyJkeW5hbWljIjp0cnVlLCJjb250ZW50IjoicG9zdF9saW5rX3VybF9wYWdlIiwic2V0dGluZ3MiOnsicG9zdF9pZCI6IjI0MDI0NCIsImVuYWJsZV9odG1sIjoib2ZmIn19@&#8220; use_bg_overlay=&#8220;off&#8220; use_text_overlay=&#8220;off&#8220; _builder_version=&#8220;4.17.3&#8243; _dynamic_attributes=&#8220;button_link&#8220; _module_preset=&#8220;default&#8220; header_text_align=&#8220;center&#8220; text_orientation=&#8220;left&#8220; global_colors_info=&#8220;{}&#8220; sticky_transition=&#8220;on&#8220;]<\/p>\n<p><span><\/span><\/p>\n<p><span><strong>Die Gewinner des Knowledge Management Awards 2021<\/strong> wurden anl\u00e4sslich der <strong>Maiden Africa Knowledge Management for Development am 9. Dezember 2021<\/strong> von <strong>Knowledge Management Austria<\/strong> in Zusammenarbeit mit der <strong>Knowledge for Development Partnership<\/strong> mit den <strong>S\u00e4ulen des Wissens<\/strong> ausgezeichnet.<\/span><\/p>\n<p><span style=\"font-size: 18px;\">Wir gratulieren <\/span><strong style=\"font-size: 18px;\">Eric Tsui<\/strong><span style=\"font-size: 18px;\">, Professor an der Hong Kong Polytechnic University, f\u00fcr die Auszeichnung mit dem individuellen Preis und dem <\/span><strong style=\"font-size: 18px;\">Green Climate Fund<\/strong><span style=\"font-size: 18px;\">f\u00fcr den Gewinn in der Spezialkategorie f\u00fcr internationale Organisationen!<\/span><br \/><span><\/span><\/p>\n<p>&nbsp;<\/p>\n<p>[\/et_pb_slide][et_pb_slide heading=&#8220;Wissensmanagement-Preis 2019&#8243; button_link=&#8220;@ET-DC@eyJkeW5hbWljIjp0cnVlLCJjb250ZW50IjoicG9zdF9saW5rX3VybF9wYWdlIiwic2V0dGluZ3MiOnsicG9zdF9pZCI6IjIzOTczNSIsImVuYWJsZV9odG1sIjoib2ZmIn19@&#8220; _builder_version=&#8220;4.17.3&#8243; _dynamic_attributes=&#8220;button_link&#8220; _module_preset=&#8220;default&#8220; global_colors_info=&#8220;{}&#8220; sticky_transition=&#8220;on&#8220;]<\/p>\n<p><strong><\/strong><\/p>\n<p><strong>Die Zeremonie des International Knowledge Management Awards 2019<\/strong> \u2013 welcher j\u00e4hrlich von Knowledge Management Austria verliehen wird \u2013 fand am 25. September bei der ersten <strong>African Knowledge for Development Partnership Conference<\/strong> bei den Vereinten Nationen in Nairobi, Kenia, statt. Mehr als 200 TeilnehmerInnen feierten mit uns die Pioniere und Errungenschaften in Afrika.<\/p>\n<p><strong>Die Gewinner des Knowledge Management Awards 2019:<\/strong><\/p>\n<ul>\n<li><strong>ILRI &#8211; Internationales Institut f\u00fcr Viehzuchtforschung<\/strong><\/li>\n<li><strong>Karl Dhewa  <\/strong><\/li>\n<\/ul>\n<p>[\/et_pb_slide][et_pb_slide heading=&#8220;Knowledge Management Award 2018&#8243; button_link=&#8220;@ET-DC@eyJkeW5hbWljIjp0cnVlLCJjb250ZW50IjoicG9zdF9saW5rX3VybF9wYWdlIiwic2V0dGluZ3MiOnsicG9zdF9pZCI6IjIzOTczNSIsImVuYWJsZV9odG1sIjoib2ZmIn19@&#8220; _builder_version=&#8220;4.17.3&#8243; _dynamic_attributes=&#8220;button_link&#8220; _module_preset=&#8220;default&#8220; global_colors_info=&#8220;{}&#8220; sticky_transition=&#8220;on&#8220;]<\/p>\n<p><strong><\/strong><\/p>\n<p><strong>Der Knowledge Management Award 2018<\/strong> wurde verliehen an das <strong>K4D-Summit w\u00e4hrend der Geneva Knowledge Week<\/strong> am 12. September 2018 bei der WTO, World Trade Organization in Genf. <\/p>\n<p>Mit dem KM Award f\u00fcr internationale Organisationen wurde ausgezeichnet: <br \/><b>IFAD \u2013 International Fund for Agricultural Development<\/b><\/p>\n<p><b><\/b>Der Gewinner des KM Awards f\u00fcr pers\u00f6nliche Errungenschaften ist:<br \/><b>Dr. Ali Asghar Pourmand<\/b><\/p>\n<p>[\/et_pb_slide][et_pb_slide heading=&#8220;Alle Preistr\u00e4gerInnen&#8220; _builder_version=&#8220;4.17.3&#8243; _module_preset=&#8220;default&#8220; text_orientation=&#8220;left&#8220; global_colors_info=&#8220;{}&#8220; sticky_transition=&#8220;on&#8220;]<\/p>\n<p>2009:<span> <\/span><strong>Prof. Dr. Ursula Schneider-Hendrich<\/strong><br \/>2010:<span> <\/span><strong>Dr. Charles Savage <\/strong>|<strong> International Atomic Energy Agency<\/strong><br \/>2011:<span> <\/span><strong>Prof. Dr. Stefan G\u00fcldenberg<\/strong> | <strong>UNESCO <\/strong><br \/>2012:<span> <\/span><strong>Prof. Dr. Nico Stehr<\/strong> | <strong>United Nations Development Programme<\/strong><br \/>2013: <strong>Weltbank<\/strong><br \/>2014:<span> <\/span><strong>Prof. Klaus North<\/strong><br \/>2015:<span> <\/span><strong>DI Dr. Angelika Mittelmann <\/strong>|<strong> UNESCO<\/strong><br \/>2016:<span> <\/span><strong>Dr. Ibrahim Seba Al Marri <\/strong>| <strong> KM4Dev Community<\/strong><br \/>2017: <span> <strong> Prof. Leif Edvinsson<\/strong> | <\/span><strong>JIU Joint Inspection Unit of the United Nations System<\/strong><br \/>2018:<span> <strong> Dr. Ali Asghar Pourmand<\/strong> |<\/span> <strong>International Fund for Agricultural Development<\/strong><br \/>2019: <g id=\"gid_1\">Charles Dhewa<\/g> | <g id=\"gid_2\">International Lifestock Research Institute<\/g><br \/>2020: <g id=\"gid_3\">Prof. Kimiz Dalkir<\/g> | <g id=\"gid_4\">United Nations International Children Emergency Fund<\/g><br \/>2021: <strong> Prof. Eric Tsui<\/strong> |     <strong>Green Climate Fund<\/strong><\/p>\n<p>[\/et_pb_slide][\/et_pb_slider][\/et_pb_column][\/et_pb_row][\/et_pb_section][et_pb_section fb_built=&#8220;1&#8243; disabled_on=&#8220;on|on|on&#8220; admin_label=&#8220;Pricing&#8220; _builder_version=&#8220;4.16.1&#8243; _module_preset=&#8220;f93e19d5-9645-4e82-af99-46de4d763e63&#8243; disabled=&#8220;on&#8220; global_colors_info=&#8220;{}&#8220;][et_pb_row column_structure=&#8220;3_5,2_5&#8243; custom_padding_last_edited=&#8220;on|phone&#8220; _builder_version=&#8220;4.17.1&#8243; _module_preset=&#8220;default&#8220; background_color=&#8220;#FFFFFF&#8220; background_color_gradient_direction=&#8220;60deg&#8220; z_index=&#8220;9&#8243; width_tablet=&#8220;&#8220; width_phone=&#8220;93%&#8220; width_last_edited=&#8220;on|phone&#8220; custom_margin=&#8220;||0px||false|false&#8220; custom_margin_tablet=&#8220;||60px||false|false&#8220; custom_margin_phone=&#8220;||50px||false|false&#8220; custom_margin_last_edited=&#8220;off|desktop&#8220; custom_padding=&#8220;2em|2em|2em|2em|true|true&#8220; custom_padding_tablet=&#8220;&#8220; custom_padding_phone=&#8220;|20px||20px|true|true&#8220; border_radii=&#8220;on|5px|5px|5px|5px&#8220; border_color_all=&#8220;gcid-8f88ab87-1c59-4750-87d0-b00e51f43738&#8243; box_shadow_style=&#8220;preset1&#8243; box_shadow_color=&#8220;rgba(0,0,0,0.12)&#8220; global_colors_info=&#8220;{%22gcid-a34bf760-c058-4981-98bc-dfe055ae95bb%22:%91%93,%22gcid-8f88ab87-1c59-4750-87d0-b00e51f43738%22:%91%22border_color_all%22%93}&#8220; width__hover_enabled=&#8220;off|desktop&#8220;][et_pb_column type=&#8220;3_5&#8243; _builder_version=&#8220;4.16&#8243; _module_preset=&#8220;default&#8220; custom_padding=&#8220;0px||0px||true|false&#8220; custom_padding_tablet=&#8220;0px||0px||true|false&#8220; custom_padding_phone=&#8220;&#8220; custom_padding_last_edited=&#8220;on|phone&#8220; global_colors_info=&#8220;{}&#8220;][et_pb_text admin_label=&#8220;KM Award We congratulate Eric Tsui&#8220; _builder_version=&#8220;4.16&#8243; _module_preset=&#8220;9bdfd50c-7d8e-469b-80e5-0a12aace3d29&#8243; header_font=&#8220;||||||||&#8220; header_2_font=&#8220;|600|||||||&#8220; header_4_font=&#8220;Teko|700||on|||||&#8220; header_4_text_color=&#8220;#000000&#8243; header_4_letter_spacing=&#8220;2px&#8220; header_4_line_height=&#8220;1.2em&#8220; custom_margin=&#8220;||2em||false|false&#8220; header_4_font_size_tablet=&#8220;&#8220; header_4_font_size_phone=&#8220;&#8220; header_4_font_size_last_edited=&#8220;on|desktop&#8220; global_colors_info=&#8220;{}&#8220;]<\/p>\n<h3><span style=\"color: #c00000;\">Knowledge Management Award<\/span><\/h3>\n<p>&nbsp;<\/p>\n<p>Seit 2009 wird j\u00e4hrlich der internationale <span style=\"color: #c00000;\"><strong>Knowledge Management Award<\/strong><\/span> an eine <span style=\"color: #c00000;\"><strong>internationale Organisation<\/strong><\/span> und an eine <strong><span style=\"color: #c00000;\">herausragende Pers\u00f6nlichkeit<\/span><\/strong> verliehen. Jede und jeder kann eine Kandidatin oder einen Kandidaten f\u00fcr den Knowledge Management Award nominieren. Unter der Federf\u00fchrung von Knowledge Management Austria, w\u00e4hlt eine Jury die Preistr\u00e4gerInnen. Der Preis wird in Anerkennung der herausragenden Leistungen des\/der Preistr\u00e4gerIn bei der Erforschung, Umsetzung und Innovation erfolgreicher Managementmethoden f\u00fcr Wissenspolitik und Wissensmanagement verliehen. Au\u00dferdem sollen die Auswirkungen auf die Entwicklung einer nachhaltigen Wissensgesellschaft im Allgemeinen und auf die Schaffung, Umwandlung, Verbreitung und Anwendung von Wissen im Besonderen anerkannt werden.<\/p>\n<p><strong>Der Preistr\u00e4ger des individuellen KM-Preises 2021 ist Prof. Eric Tsui, Professor an der Polytechnischen Universit\u00e4t Hongkong,<\/strong> <a href=\"https:\/\/www.linkedin.com\/in\/ericyhtsui\/\" style=\"font-size: 16px;\">siehe sein Profil auf LinkedIn<\/a><\/p>\n<p><strong><\/strong><\/p>\n<p><strong>Der Gewinner des KM Award 2021 f\u00fcr internationale Organisationen ist der Green Climate Fund, <\/strong><a href=\"https:\/\/www.greenclimate.fund\/\">siehe die Website des GCFund<\/a><strong><\/strong><\/p>\n<p>Wir gratulieren den GewinnerInnen zu ihren herausragenden Leistungen!<\/p>\n<p>&nbsp;<\/p>\n<p>&nbsp;<\/p>\n<p>&nbsp;<\/p>\n<p>&nbsp;<\/p>\n<p>&nbsp;<\/p>\n<p>&nbsp;<\/p>\n<p>&nbsp;<\/p>\n<p>&nbsp;<\/p>\n<p>&nbsp;<\/p>\n<p>[\/et_pb_text][\/et_pb_column][et_pb_column type=&#8220;2_5&#8243; _builder_version=&#8220;4.16&#8243; _module_preset=&#8220;default&#8220; custom_padding=&#8220;0px||0px||true|false&#8220; custom_padding_tablet=&#8220;0px||0px||true|false&#8220; custom_padding_phone=&#8220;&#8220; custom_padding_last_edited=&#8220;on|phone&#8220; global_colors_info=&#8220;{}&#8220;][et_pb_blog fullwidth=&#8220;off&#8220; include_categories=&#8220;18&#8243; show_more=&#8220;on&#8220; show_author=&#8220;off&#8220; show_categories=&#8220;off&#8220; show_excerpt=&#8220;off&#8220; _builder_version=&#8220;4.17.3&#8243; _module_preset=&#8220;default&#8220; box_shadow_style=&#8220;preset1&#8243; global_colors_info=&#8220;{}&#8220;][\/et_pb_blog][\/et_pb_column][\/et_pb_row][\/et_pb_section][et_pb_section fb_built=&#8220;1&#8243; admin_label=&#8220;Footer&#8220; _builder_version=&#8220;4.17.1&#8243; _module_preset=&#8220;cf8cc6d5-1be0-45be-89e4-c7a830cf423f&#8220; background_color=&#8220;#FFFFFF&#8220; background_enable_color=&#8220;off&#8220; background_image=&#8220;https:\/\/km-a.net\/wp-content\/uploads\/2021\/06\/joshua-sortino-LqKhnDzSF-8-unsplash-scaled.jpg&#8220; background_enable_image=&#8220;off&#8220; custom_margin=&#8220;0px||||false|false&#8220; custom_padding=&#8220;1em||1em||true|false&#8220; border_color_all=&#8220;#B1B1B1&#8243; global_module=&#8220;145&#8243; saved_tabs=&#8220;all&#8220; locked=&#8220;off&#8220; global_colors_info=&#8220;{}&#8220;][et_pb_row column_structure=&#8220;1_2,1_2&#8243; _builder_version=&#8220;4.16.1&#8243; width_tablet=&#8220;&#8220; width_phone=&#8220;95%&#8220; width_last_edited=&#8220;on|phone&#8220; locked=&#8220;off&#8220; global_colors_info=&#8220;{}&#8220;][et_pb_column type=&#8220;1_2&#8243; _builder_version=&#8220;4.16&#8243; global_colors_info=&#8220;{}&#8220;][et_pb_image src=&#8220;https:\/\/km-a.net\/wp-content\/uploads\/2022\/04\/cropped-cropped-logo-red-bright.png&#8220; alt=&#8220;Logo KMA Knowledge Management Associates GmbH&#8220; title_text=&#8220;abgeschnitten-abgeschnitten-logo-rot-hell.png&#8220; src_last_edited=&#8220;off|tablet&#8220; disabled_on=&#8220;on|on|off&#8220; _builder_version=&#8220;4.17.3&#8243; _module_preset=&#8220;default&#8220; width=&#8220;30%&#8220; width_tablet=&#8220;31%&#8220; width_phone=&#8220;43%&#8220; width_last_edited=&#8220;on|desktop&#8220; module_alignment=&#8220;left&#8220; module_alignment_tablet=&#8220;&#8220; module_alignment_phone=&#8220;center&#8220; module_alignment_last_edited=&#8220;on|tablet&#8220; global_colors_info=&#8220;{}&#8220;][\/et_pb_image][et_pb_text content_last_edited=&#8220;off|desktop&#8220; _builder_version=&#8220;4.17.3&#8243; text_font=&#8220;||||||||&#8220; text_text_color=&#8220;#FFFFFF&#8220; text_line_height=&#8220;1.4em&#8220; header_4_font=&#8220;|900|||||||&#8220; header_4_text_color=&#8220;#FFFFFF&#8220; header_4_font_size=&#8220;22px&#8220; header_4_line_height=&#8220;1.4em&#8220; custom_margin=&#8220;||0px||false|false&#8220; custom_padding=&#8220;||0.5em||false|false&#8220; global_colors_info=&#8220;{}&#8220;]<\/p>\n<p>Gersthofer Stra\u00dfe 162,<br \/><span style=\"color: #000000;\">1180 Wien, \u00d6sterreich<\/span><\/p>\n<p><span style=\"color: #000000;\"><span style=\"color: #c00000;\"><a href=\"mailto:office@km-a.net\" style=\"color: #c00000;\">office@km-a.net<br \/><\/a><\/span>\u00d6sterreich: +43 1 470 29 09 (Fax -34)<br \/>Deutschland: +49 30 555 777 46 (Fax -9)<a href=\"https:\/\/www.linkedin.com\/company\/knowledge-management-associates\"><\/a><\/span><\/p>\n<p>[\/et_pb_text][et_pb_social_media_follow _builder_version=&#8220;4.17.3&#8243; _module_preset=&#8220;default&#8220; text_orientation=&#8220;left&#8220; text_orientation_tablet=&#8220;left&#8220; text_orientation_phone=&#8220;center&#8220; text_orientation_last_edited=&#8220;on|desktop&#8220; global_colors_info=&#8220;{}&#8220;][et_pb_social_media_follow_network social_network=&#8220;twitter&#8220; url=&#8220;https:\/\/twitter.com\/KMA_HQ&#8220; _builder_version=&#8220;4.22.2&#8243; _module_preset=&#8220;default&#8220; background_color=&#8220;#000000&#8243; global_colors_info=&#8220;{}&#8220; follow_button=&#8220;off&#8220; url_new_window=&#8220;on&#8220;]twitter[\/et_pb_social_media_follow_network][et_pb_social_media_follow_network social_network=&#8220;linkedin&#8220; url=&#8220;https:\/\/www.linkedin.com\/company\/knowledge-management-associates&#8220; _builder_version=&#8220;4.17.3&#8243; _module_preset=&#8220;default&#8220; background_color=&#8220;#007bb6&#8243; global_colors_info=&#8220;{}&#8220; follow_button=&#8220;off&#8220; url_new_window=&#8220;on&#8220;]linkedin[\/et_pb_social_media_follow_network][\/et_pb_social_media_follow][\/et_pb_column][et_pb_column type=&#8220;1_2&#8243; _builder_version=&#8220;4.16.1&#8243; global_colors_info=&#8220;{}&#8220;][et_pb_signup mailchimp_list=&#8220;Wissen123|eca3013312&#8243; first_name_field=&#8220;off&#8220; last_name_field=&#8220;off&#8220; success_message=&#8220;Danke f\u00fcr Ihre Anmeldung zum Newsletter!&#8220; title=&#8220;Newsletter&#8220; description=&#8220;<\/p>\n<p>Abonnieren Sie unseren Newsletter und bleiben Sie up-to-date!<\/p>\n<p>&#8220; _builder_version=&#8220;4.27.4&#8243; _module_preset=&#8220;default&#8220; header_text_color=&#8220;#C00000&#8243; body_text_color=&#8220;#444444&#8243; result_message_text_color=&#8220;#007320&#8243; background_color=&#8220;RGBA(0,0,0,0)&#8220; border_radii_fields=&#8220;on|0px|0px|0px|0px&#8220; border_color_all_fields=&#8220;#C00000&#8243; border_width_bottom_fields=&#8220;2px&#8220; global_colors_info=&#8220;{}&#8220;][\/et_pb_signup][\/et_pb_column][\/et_pb_row][\/et_pb_section]<\/p>\n","protected":false},"excerpt":{"rendered":"<p>KnowledgeManagementAward11 Dezember, 202517:00 CET, online &nbsp; See here the Award-Video providing a glance on the development of the Award, the Columns of Knowledge, and the Winners since 2009! Der KM-PreisSeit 2009 wird jedes Jahr der internationale Knowledge Management Award an eine internationale Organization sowie an eine herausragende Pers\u00f6nlichkeit verliehen. Die Nominierung von Kandidaten ist offen [&hellip;]<\/p>\n","protected":false},"author":3,"featured_media":0,"parent":239037,"menu_order":0,"comment_status":"closed","ping_status":"closed","template":"","meta":{"_et_pb_use_builder":"on","_et_pb_old_content":"","_et_gb_content_width":"","footnotes":""},"class_list":["post-239063","page","type-page","status-publish","hentry"],"yoast_head":"<!-- This site is optimized with the Yoast SEO plugin v27.4 - https:\/\/yoast.com\/product\/yoast-seo-wordpress\/ -->\n<title>Knowledge Management Award - KM-A Knowledge Management Associates<\/title>\n<meta name=\"description\" content=\"The AAA of Knowledge Management. KM-A educates and advises Knowledge Managersand connects the Knowledge Management Community in Austria and the world.\" \/>\n<meta name=\"robots\" content=\"index, follow, max-snippet:-1, max-image-preview:large, max-video-preview:-1\" \/>\n<link rel=\"canonical\" href=\"https:\/\/km-a.net\/de\/innovation-2\/knowledge-management-award-2\/\" \/>\n<meta property=\"og:locale\" content=\"de_DE\" \/>\n<meta property=\"og:type\" content=\"article\" \/>\n<meta property=\"og:title\" content=\"Knowledge Management Award - KM-A Knowledge Management Associates\" \/>\n<meta property=\"og:description\" content=\"The AAA of Knowledge Management. KM-A educates and advises Knowledge Managersand connects the Knowledge Management Community in Austria and the world.\" \/>\n<meta property=\"og:url\" content=\"https:\/\/km-a.net\/de\/innovation-2\/knowledge-management-award-2\/\" \/>\n<meta property=\"og:site_name\" content=\"KM-A Knowledge Management Associates\" \/>\n<meta property=\"article:modified_time\" content=\"2025-11-13T07:41:34+00:00\" \/>\n<meta property=\"og:image\" content=\"https:\/\/km-a.net\/wp-content\/uploads\/2022\/12\/ColumnsPresentation.png\" \/>\n\t<meta property=\"og:image:width\" content=\"1236\" \/>\n\t<meta property=\"og:image:height\" content=\"826\" \/>\n\t<meta property=\"og:image:type\" content=\"image\/png\" \/>\n<meta name=\"twitter:card\" content=\"summary_large_image\" \/>\n<meta name=\"twitter:site\" content=\"@KMA_HQ\" \/>\n<meta name=\"twitter:label1\" content=\"Gesch\u00e4tzte Lesezeit\" \/>\n\t<meta name=\"twitter:data1\" content=\"25\u00a0Minuten\" \/>\n<script type=\"application\/ld+json\" class=\"yoast-schema-graph\">{\"@context\":\"https:\\\/\\\/schema.org\",\"@graph\":[{\"@type\":\"WebPage\",\"@id\":\"https:\\\/\\\/km-a.net\\\/de\\\/innovation-2\\\/knowledge-management-award-2\\\/\",\"url\":\"https:\\\/\\\/km-a.net\\\/de\\\/innovation-2\\\/knowledge-management-award-2\\\/\",\"name\":\"Knowledge Management Award - KM-A Knowledge Management Associates\",\"isPartOf\":{\"@id\":\"https:\\\/\\\/km-a.net\\\/de\\\/#website\"},\"primaryImageOfPage\":{\"@id\":\"https:\\\/\\\/km-a.net\\\/de\\\/innovation-2\\\/knowledge-management-award-2\\\/#primaryimage\"},\"image\":{\"@id\":\"https:\\\/\\\/km-a.net\\\/de\\\/innovation-2\\\/knowledge-management-award-2\\\/#primaryimage\"},\"thumbnailUrl\":\"https:\\\/\\\/km-a.net\\\/wp-content\\\/uploads\\\/2022\\\/12\\\/ColumnsPresentation.png\",\"datePublished\":\"2021-12-16T10:51:09+00:00\",\"dateModified\":\"2025-11-13T07:41:34+00:00\",\"description\":\"The AAA of Knowledge Management. KM-A educates and advises Knowledge Managersand connects the Knowledge Management Community in Austria and the world.\",\"breadcrumb\":{\"@id\":\"https:\\\/\\\/km-a.net\\\/de\\\/innovation-2\\\/knowledge-management-award-2\\\/#breadcrumb\"},\"inLanguage\":\"de\",\"potentialAction\":[{\"@type\":\"ReadAction\",\"target\":[\"https:\\\/\\\/km-a.net\\\/de\\\/innovation-2\\\/knowledge-management-award-2\\\/\"]}]},{\"@type\":\"ImageObject\",\"inLanguage\":\"de\",\"@id\":\"https:\\\/\\\/km-a.net\\\/de\\\/innovation-2\\\/knowledge-management-award-2\\\/#primaryimage\",\"url\":\"https:\\\/\\\/km-a.net\\\/wp-content\\\/uploads\\\/2022\\\/12\\\/ColumnsPresentation.png\",\"contentUrl\":\"https:\\\/\\\/km-a.net\\\/wp-content\\\/uploads\\\/2022\\\/12\\\/ColumnsPresentation.png\"},{\"@type\":\"BreadcrumbList\",\"@id\":\"https:\\\/\\\/km-a.net\\\/de\\\/innovation-2\\\/knowledge-management-award-2\\\/#breadcrumb\",\"itemListElement\":[{\"@type\":\"ListItem\",\"position\":1,\"name\":\"Home\",\"item\":\"https:\\\/\\\/km-a.net\\\/de\\\/\"},{\"@type\":\"ListItem\",\"position\":2,\"name\":\"Gemeinschaft\",\"item\":\"https:\\\/\\\/km-a.net\\\/de\\\/innovation-2\\\/\"},{\"@type\":\"ListItem\",\"position\":3,\"name\":\"Knowledge Management Award\"}]},{\"@type\":\"WebSite\",\"@id\":\"https:\\\/\\\/km-a.net\\\/de\\\/#website\",\"url\":\"https:\\\/\\\/km-a.net\\\/de\\\/\",\"name\":\"KM-A Knowledge Management Associates\",\"description\":\"The AAA in Knowledge Management\",\"publisher\":{\"@id\":\"https:\\\/\\\/km-a.net\\\/de\\\/#organization\"},\"alternateName\":\"KM-A\",\"potentialAction\":[{\"@type\":\"SearchAction\",\"target\":{\"@type\":\"EntryPoint\",\"urlTemplate\":\"https:\\\/\\\/km-a.net\\\/de\\\/?s={search_term_string}\"},\"query-input\":{\"@type\":\"PropertyValueSpecification\",\"valueRequired\":true,\"valueName\":\"search_term_string\"}}],\"inLanguage\":\"de\"},{\"@type\":\"Organization\",\"@id\":\"https:\\\/\\\/km-a.net\\\/de\\\/#organization\",\"name\":\"KM-A Knowledge Management Associates GmbH\",\"alternateName\":\"KM-A\",\"url\":\"https:\\\/\\\/km-a.net\\\/de\\\/\",\"logo\":{\"@type\":\"ImageObject\",\"inLanguage\":\"de\",\"@id\":\"https:\\\/\\\/km-a.net\\\/de\\\/#\\\/schema\\\/logo\\\/image\\\/\",\"url\":\"https:\\\/\\\/km-a.net\\\/wp-content\\\/uploads\\\/2022\\\/04\\\/logo-matching-red.png\",\"contentUrl\":\"https:\\\/\\\/km-a.net\\\/wp-content\\\/uploads\\\/2022\\\/04\\\/logo-matching-red.png\",\"width\":512,\"height\":512,\"caption\":\"KM-A Knowledge Management Associates GmbH\"},\"image\":{\"@id\":\"https:\\\/\\\/km-a.net\\\/de\\\/#\\\/schema\\\/logo\\\/image\\\/\"},\"sameAs\":[\"https:\\\/\\\/x.com\\\/KMA_HQ\"]}]}<\/script>\n<!-- \/ Yoast SEO plugin. -->","yoast_head_json":{"title":"Knowledge Management Award - KM-A Knowledge Management Associates","description":"The AAA of Knowledge Management. KM-A educates and advises Knowledge Managersand connects the Knowledge Management Community in Austria and the world.","robots":{"index":"index","follow":"follow","max-snippet":"max-snippet:-1","max-image-preview":"max-image-preview:large","max-video-preview":"max-video-preview:-1"},"canonical":"https:\/\/km-a.net\/de\/innovation-2\/knowledge-management-award-2\/","og_locale":"de_DE","og_type":"article","og_title":"Knowledge Management Award - KM-A Knowledge Management Associates","og_description":"The AAA of Knowledge Management. KM-A educates and advises Knowledge Managersand connects the Knowledge Management Community in Austria and the world.","og_url":"https:\/\/km-a.net\/de\/innovation-2\/knowledge-management-award-2\/","og_site_name":"KM-A Knowledge Management Associates","article_modified_time":"2025-11-13T07:41:34+00:00","og_image":[{"width":1236,"height":826,"url":"https:\/\/km-a.net\/wp-content\/uploads\/2022\/12\/ColumnsPresentation.png","type":"image\/png"}],"twitter_card":"summary_large_image","twitter_site":"@KMA_HQ","twitter_misc":{"Gesch\u00e4tzte Lesezeit":"25\u00a0Minuten"},"schema":{"@context":"https:\/\/schema.org","@graph":[{"@type":"WebPage","@id":"https:\/\/km-a.net\/de\/innovation-2\/knowledge-management-award-2\/","url":"https:\/\/km-a.net\/de\/innovation-2\/knowledge-management-award-2\/","name":"Knowledge Management Award - KM-A Knowledge Management Associates","isPartOf":{"@id":"https:\/\/km-a.net\/de\/#website"},"primaryImageOfPage":{"@id":"https:\/\/km-a.net\/de\/innovation-2\/knowledge-management-award-2\/#primaryimage"},"image":{"@id":"https:\/\/km-a.net\/de\/innovation-2\/knowledge-management-award-2\/#primaryimage"},"thumbnailUrl":"https:\/\/km-a.net\/wp-content\/uploads\/2022\/12\/ColumnsPresentation.png","datePublished":"2021-12-16T10:51:09+00:00","dateModified":"2025-11-13T07:41:34+00:00","description":"The AAA of Knowledge Management. KM-A educates and advises Knowledge Managersand connects the Knowledge Management Community in Austria and the world.","breadcrumb":{"@id":"https:\/\/km-a.net\/de\/innovation-2\/knowledge-management-award-2\/#breadcrumb"},"inLanguage":"de","potentialAction":[{"@type":"ReadAction","target":["https:\/\/km-a.net\/de\/innovation-2\/knowledge-management-award-2\/"]}]},{"@type":"ImageObject","inLanguage":"de","@id":"https:\/\/km-a.net\/de\/innovation-2\/knowledge-management-award-2\/#primaryimage","url":"https:\/\/km-a.net\/wp-content\/uploads\/2022\/12\/ColumnsPresentation.png","contentUrl":"https:\/\/km-a.net\/wp-content\/uploads\/2022\/12\/ColumnsPresentation.png"},{"@type":"BreadcrumbList","@id":"https:\/\/km-a.net\/de\/innovation-2\/knowledge-management-award-2\/#breadcrumb","itemListElement":[{"@type":"ListItem","position":1,"name":"Home","item":"https:\/\/km-a.net\/de\/"},{"@type":"ListItem","position":2,"name":"Gemeinschaft","item":"https:\/\/km-a.net\/de\/innovation-2\/"},{"@type":"ListItem","position":3,"name":"Knowledge Management Award"}]},{"@type":"WebSite","@id":"https:\/\/km-a.net\/de\/#website","url":"https:\/\/km-a.net\/de\/","name":"KM-A Knowledge Management Associates","description":"The AAA in Knowledge Management","publisher":{"@id":"https:\/\/km-a.net\/de\/#organization"},"alternateName":"KM-A","potentialAction":[{"@type":"SearchAction","target":{"@type":"EntryPoint","urlTemplate":"https:\/\/km-a.net\/de\/?s={search_term_string}"},"query-input":{"@type":"PropertyValueSpecification","valueRequired":true,"valueName":"search_term_string"}}],"inLanguage":"de"},{"@type":"Organization","@id":"https:\/\/km-a.net\/de\/#organization","name":"KM-A Knowledge Management Associates GmbH","alternateName":"KM-A","url":"https:\/\/km-a.net\/de\/","logo":{"@type":"ImageObject","inLanguage":"de","@id":"https:\/\/km-a.net\/de\/#\/schema\/logo\/image\/","url":"https:\/\/km-a.net\/wp-content\/uploads\/2022\/04\/logo-matching-red.png","contentUrl":"https:\/\/km-a.net\/wp-content\/uploads\/2022\/04\/logo-matching-red.png","width":512,"height":512,"caption":"KM-A Knowledge Management Associates GmbH"},"image":{"@id":"https:\/\/km-a.net\/de\/#\/schema\/logo\/image\/"},"sameAs":["https:\/\/x.com\/KMA_HQ"]}]}},"_links":{"self":[{"href":"https:\/\/km-a.net\/de\/wp-json\/wp\/v2\/pages\/239063","targetHints":{"allow":["GET"]}}],"collection":[{"href":"https:\/\/km-a.net\/de\/wp-json\/wp\/v2\/pages"}],"about":[{"href":"https:\/\/km-a.net\/de\/wp-json\/wp\/v2\/types\/page"}],"author":[{"embeddable":true,"href":"https:\/\/km-a.net\/de\/wp-json\/wp\/v2\/users\/3"}],"replies":[{"embeddable":true,"href":"https:\/\/km-a.net\/de\/wp-json\/wp\/v2\/comments?post=239063"}],"version-history":[{"count":46,"href":"https:\/\/km-a.net\/de\/wp-json\/wp\/v2\/pages\/239063\/revisions"}],"predecessor-version":[{"id":241906,"href":"https:\/\/km-a.net\/de\/wp-json\/wp\/v2\/pages\/239063\/revisions\/241906"}],"up":[{"embeddable":true,"href":"https:\/\/km-a.net\/de\/wp-json\/wp\/v2\/pages\/239037"}],"wp:attachment":[{"href":"https:\/\/km-a.net\/de\/wp-json\/wp\/v2\/media?parent=239063"}],"curies":[{"name":"wp","href":"https:\/\/api.w.org\/{rel}","templated":true}]}}